{"id":1756,"date":"2024-07-30T10:02:53","date_gmt":"2024-07-30T10:02:53","guid":{"rendered":"https:\/\/museumfabriekwinterswijk.nl\/kollektion\/"},"modified":"2025-02-20T09:44:29","modified_gmt":"2025-02-20T09:44:29","slug":"kollektion","status":"publish","type":"page","link":"https:\/\/museumfabriekwinterswijk.nl\/de\/kollektion\/","title":{"rendered":"Kollektion"},"content":{"rendered":"\n<p>Eine Welt voller Geschichten.<br>Aus unserer Sammlung haben wir einige interessante Ausstellungen zusammengestellt, die Sie auf eine Zeitreise von vor Millionen von Jahren bis in die heutige Zeit mitnehmen.<br>Treten Sie ein in die &#8222;<em>MuseumFabriek<\/em>&#8220; und tauchen Sie ein in die reiche Geschichte Winterswijks.<\/p>\n\n\n\n<div style=\"height:3rem\" aria-hidden=\"true\" class=\"wp-block-spacer\"><\/div>\n\n\n<\/section>\r\n\r\n<section class=\"u-clearfix u-section-header1 check u-palette-4-base\" id=\"collectie\">\r\n  <div class=\"u-clearfix u-sheet u-valign-top-lg u-valign-top-md u-valign-top-xl u-valign-top-xxl u-sheet-1\">\r\n    <div class=\"custom-expanded data-layout-selected shadow u-clearfix u-expanded-width-lg u-expanded-width-xl u-expanded-width-xxl u-gutter-0 u-layout-wrap u-layout-wrap-1\">\r\n      <div class=\"u-layout\">\r\n        <div class=\"u-layout-row\">\r\n          <div class=\"u-container-style u-layout-cell u-size-24-xl u-size-24-xxl u-size-25-lg u-size-60-md u-size-60-sm u-size-60-xs u-layout-cell-1 order-1\">\r\n            <div class=\"u-container-layout u-container-layout-1\">\r\n              <div class=\"u-container-style u-expanded-width u-group u-group-1\">\r\n                <div class=\"u-container-layout u-valign-middle u-container-layout-2\">\r\n                  <h2 class='u-text u-text-default u-text-1 has-large-font-size'>Vom Mammut zur modernen Kunst<\/h2>                  <div class=\"u-text u-text-default u-text-2\"><p>Entdecken Sie Hunderte von Millionen Jahre alte Fossilien aus der Saurierzeit und die \u00dcberreste von Mammuts und bewundern Sie die Werke talentierter K\u00fcnstler aus Winterswijk, darunter Max van Dam, Jaap Rooke und Louis Nijhuis.<\/p>\n<\/div>\r\n                  <div class=\"buttons\">\r\n                                    <a class=\"u-btn u-button-style u-palette-3-base\" href=\"https:\/\/museumfabriekwinterswijk.nl\/de\/ausstellungen\/\" target=\"\">\r\n                Sammlungen            <\/a>\r\n            <\/div>                <\/div>\r\n              <\/div>\r\n            <\/div>\r\n          <\/div>\r\n          <div class=\"u-container-style u-image u-layout-cell u-size-35-lg u-size-36-xl u-size-36-xxl u-size-60-md u-size-60-sm u-size-60-xs u-image-1 order-2\" data-image-width=\"2100\" data-image-height=\"1400\" style=\"background-image: url('https:\/\/museumfabriekwinterswijk.nl\/wp-content\/uploads\/2024\/12\/schuur.jpg');\">\r\n            <div class=\"u-container-layout u-valign-bottom-lg u-valign-bottom-md u-valign-bottom-xs u-container-layout-3\"><\/div>\r\n          <\/div>\r\n        <\/div>\r\n      <\/div>\r\n    <\/div>\r\n  <\/div>\r\n<\/section>\r\n\r\n\r\n<section class=\"u-sheet\">\n\n\n<div style=\"height:5rem\" aria-hidden=\"true\" class=\"wp-block-spacer\"><\/div>\n\n\n\n<div class=\"wp-block-columns are-vertically-aligned-top is-layout-flex wp-container-core-columns-is-layout-9d6595d7 wp-block-columns-is-layout-flex\" id=\"textiel\">\n<div class=\"wp-block-column is-vertically-aligned-top is-layout-flow wp-block-column-is-layout-flow\">\n<h2 class=\"wp-block-heading has-large-font-size\">Textilien mit einer Geschichte<\/h2>\n\n\n\n<p>Sehen Sie, wie unsere Webst\u00fchle in Betrieb genommen werden und erfahren Sie mehr \u00fcber die Textiltradition von Winterswijk.<\/p>\n\n\n\n<div class=\"wp-block-buttons is-layout-flex wp-block-buttons-is-layout-flex\">\n<div class=\"wp-block-button has-custom-width wp-block-button__width-50 has-custom-font-size\" style=\"font-size:16px;text-transform:capitalize\"><a class=\"wp-block-button__link has-white-color has-color-3-background-color has-text-color has-background has-link-color wp-element-button\" href=\"https:\/\/museumfabriekwinterswijk.nl\/de\/ausstellungen\/weberei\/\" target=\"_blank\" rel=\"noreferrer noopener\">Weberei<\/a><\/div>\n<\/div>\n\n\n\n<div class=\"wp-block-group\"><div class=\"wp-block-group__inner-container is-layout-constrained wp-block-group-is-layout-constrained\">\n<h3 class=\"wp-block-heading\">Demonstrationen<\/h3>\n\n\n\n<div style=\"height:16px\" aria-hidden=\"true\" class=\"wp-block-spacer\"><\/div>\n\n\n\n<div class=\"wp-block-group has-color-5-background-color has-background\"><div class=\"wp-block-group__inner-container is-layout-constrained wp-block-group-is-layout-constrained\">\n<p><strong>Webstuhl-Demonstrationen<\/strong><br>Dienstag bis Samstag von 13.00 bis 16.00 Uhr.<\/p>\n<\/div><\/div>\n\n\n\n<div class=\"wp-block-group has-color-5-background-color has-background\"><div class=\"wp-block-group__inner-container is-layout-constrained wp-block-group-is-layout-constrained\">\n<p><strong>Gef\u00fchrte Besichtigung<\/strong><br>Dienstag bis Freitag von 13.00 bis 16.00 Uhr und Samstag von 11.00 bis 16.00 Uhr.<br>Sonderf\u00fchrungen <a href=\"https:\/\/museumfabriekwinterswijk.nl\/contact-route\/contact\">auf Anfrage.<\/a><\/p>\n<\/div><\/div>\n<\/div><\/div>\n<\/div>\n\n\n\n<div class=\"wp-block-column is-vertically-aligned-top is-layout-flow wp-block-column-is-layout-flow\" style=\"flex-basis:60%\">\n<figure class=\"wp-block-video\"><video controls src=\"https:\/\/museumfabriekwinterswijk.nl\/wp-content\/uploads\/2024\/12\/weefgetouw-website.mp4\"><\/video><\/figure>\n<\/div>\n<\/div>\n\n\n\n<div style=\"height:3rem\" aria-hidden=\"true\" class=\"wp-block-spacer\"><\/div>\n\n\n<\/section>\r\n\r\n<section class=\"u-clearfix u-section-header1 check u-palette-1-base\" id=\"section-block_be0042f3753148f75242d4885c12fd1c\">\r\n  <div class=\"u-clearfix u-sheet u-valign-top-lg u-valign-top-md u-valign-top-xl u-valign-top-xxl u-sheet-1\">\r\n    <div class=\"custom-expanded data-layout-selected shadow u-clearfix u-expanded-width-lg u-expanded-width-xl u-expanded-width-xxl u-gutter-0 u-layout-wrap u-layout-wrap-1\">\r\n      <div class=\"u-layout\">\r\n        <div class=\"u-layout-row\">\r\n          <div class=\"u-container-style u-layout-cell u-size-24-xl u-size-24-xxl u-size-25-lg u-size-60-md u-size-60-sm u-size-60-xs u-layout-cell-1 order-1\">\r\n            <div class=\"u-container-layout u-container-layout-1\">\r\n              <div class=\"u-container-style u-expanded-width u-group u-group-1\">\r\n                <div class=\"u-container-layout u-valign-middle u-container-layout-2\">\r\n                  <h2 class='u-text u-text-default u-text-1 has-large-font-size'>Augenzeuge der Geschichte<\/h2>                  <div class=\"u-text u-text-default u-text-2\"><p>Augenzeuge der Geschichte: Tauchen Sie ein in die Vergangenheit Winterswijks w\u00e4hrend des Zweiten Weltkriegs und entdecken Sie, wie der Krieg das t\u00e4gliche Leben beeinflusste.<\/p>\n<\/div>\r\n                  <div class=\"buttons\">\r\n                                    <a class=\"u-btn u-button-style u-palette-3-base\" href=\"https:\/\/museumfabriekwinterswijk.nl\/exposities\/tweede-wereldoorlog\/\" target=\"\">\r\n                Ausstellung ansehen            <\/a>\r\n            <\/div>                <\/div>\r\n              <\/div>\r\n            <\/div>\r\n          <\/div>\r\n          <div class=\"u-container-style u-image u-layout-cell u-size-35-lg u-size-36-xl u-size-36-xxl u-size-60-md u-size-60-sm u-size-60-xs u-image-1 order-2\" data-image-width=\"2100\" data-image-height=\"1400\" style=\"background-image: url('https:\/\/museumfabriekwinterswijk.nl\/wp-content\/uploads\/2024\/12\/herdenken.png');\">\r\n            <div class=\"u-container-layout u-valign-bottom-lg u-valign-bottom-md u-valign-bottom-xs u-container-layout-3\"><\/div>\r\n          <\/div>\r\n        <\/div>\r\n      <\/div>\r\n    <\/div>\r\n  <\/div>\r\n<\/section>\r\n\r\n\r\n<section class=\"u-sheet\">\n\n<\/section>\r\n\r\n<section class=\"u-clearfix u-section-header1 check u-palette-4-base\" id=\"kleding\">\r\n  <div class=\"u-clearfix u-sheet u-valign-top-lg u-valign-top-md u-valign-top-xl u-valign-top-xxl u-sheet-1\">\r\n    <div class=\"custom-expanded data-layout-selected shadow u-clearfix u-expanded-width-lg u-expanded-width-xl u-expanded-width-xxl u-gutter-0 u-layout-wrap u-layout-wrap-1\">\r\n      <div class=\"u-layout\">\r\n        <div class=\"u-layout-row\">\r\n          <div class=\"u-container-style u-layout-cell u-size-24-xl u-size-24-xxl u-size-25-lg u-size-60-md u-size-60-sm u-size-60-xs u-layout-cell-1 order-1\">\r\n            <div class=\"u-container-layout u-container-layout-1\">\r\n              <div class=\"u-container-style u-expanded-width u-group u-group-1\">\r\n                <div class=\"u-container-layout u-valign-middle u-container-layout-2\">\r\n                  <h2 class='u-text u-text-default u-text-1 has-large-font-size'>Leben wie immer<\/h2>                  <div class=\"u-text u-text-default u-text-2\"><p>Bewundern Sie die sch\u00f6ne Sammlung von Kleidern aus vergangenen Epochen und erleben Sie, wie die Menschen in Winterswijk fr\u00fcher gelebt haben.<\/p>\n<\/div>\r\n                  <div class=\"buttons\">\r\n                                    <a class=\"u-btn u-button-style u-palette-3-base\" href=\"https:\/\/museumfabriekwinterswijk.nl\/exposities\/kleding-en-knipmutsen\/\" target=\"\">\r\n                Kleidung            <\/a>\r\n            <\/div>                <\/div>\r\n              <\/div>\r\n            <\/div>\r\n          <\/div>\r\n          <div class=\"u-container-style u-image u-layout-cell u-size-35-lg u-size-36-xl u-size-36-xxl u-size-60-md u-size-60-sm u-size-60-xs u-image-1 order-2\" data-image-width=\"2100\" data-image-height=\"1400\" style=\"background-image: url('https:\/\/museumfabriekwinterswijk.nl\/wp-content\/uploads\/2024\/12\/oude-kleding.jpg');\">\r\n            <div class=\"u-container-layout u-valign-bottom-lg u-valign-bottom-md u-valign-bottom-xs u-container-layout-3\"><\/div>\r\n          <\/div>\r\n        <\/div>\r\n      <\/div>\r\n    <\/div>\r\n  <\/div>\r\n<\/section>\r\n\r\n\r\n<section class=\"u-sheet\">\n\n<\/section>\r\n\r\n<section class=\"u-clearfix u-section-header1 check u-light-4-base\" id=\"Molukken\">\r\n  <div class=\"u-clearfix u-sheet u-valign-top-lg u-valign-top-md u-valign-top-xl u-valign-top-xxl u-sheet-1\">\r\n    <div class=\"custom-expanded data-layout-selected shadow u-clearfix u-expanded-width-lg u-expanded-width-xl u-expanded-width-xxl u-gutter-0 u-layout-wrap u-layout-wrap-1\">\r\n      <div class=\"u-layout\">\r\n        <div class=\"u-layout-row\">\r\n          <div class=\"u-container-style u-layout-cell u-size-24-xl u-size-24-xxl u-size-25-lg u-size-60-md u-size-60-sm u-size-60-xs u-layout-cell-1 order-1\">\r\n            <div class=\"u-container-layout u-container-layout-1\">\r\n              <div class=\"u-container-style u-expanded-width u-group u-group-1\">\r\n                <div class=\"u-container-layout u-valign-middle u-container-layout-2\">\r\n                  <h2 class='u-text u-text-default u-text-1 has-large-font-size'>Musik und die Molukkische Identit\u00e4t in Winterswijk<\/h2>                  <div class=\"u-text u-text-default u-text-2\"><p>Muziek en de Molukse identiteit in Winterswijk zijn onlosmakelijk met elkaar verbonden.<\/p>\n<\/div>\r\n                  <div class=\"buttons\">\r\n                                    <a class=\"u-btn u-button-style u-palette-3-base\" href=\"https:\/\/museumfabriekwinterswijk.nl\/exposities\/molukse-muziek\/\" target=\"\">\r\n                Musik der Molukken            <\/a>\r\n            <\/div>                <\/div>\r\n              <\/div>\r\n            <\/div>\r\n          <\/div>\r\n          <div class=\"u-container-style u-image u-layout-cell u-size-35-lg u-size-36-xl u-size-36-xxl u-size-60-md u-size-60-sm u-size-60-xs u-image-1 order-2\" data-image-width=\"2100\" data-image-height=\"1400\" style=\"background-image: url('https:\/\/museumfabriekwinterswijk.nl\/wp-content\/uploads\/2024\/12\/Molukse-popmuziek-Winterswijk-e1733652445456.jpg');\">\r\n            <div class=\"u-container-layout u-valign-bottom-lg u-valign-bottom-md u-valign-bottom-xs u-container-layout-3\"><\/div>\r\n          <\/div>\r\n        <\/div>\r\n      <\/div>\r\n    <\/div>\r\n  <\/div>\r\n<\/section>\r\n\r\n\r\n<section class=\"u-sheet\">\n\n<\/section>\r\n\r\n<section class=\"u-clearfix u-section-header1 check u-palette-1-base\" id=\"section-block_d5f71ed85c4a041a82461b90b30ca4dd\">\r\n  <div class=\"u-clearfix u-sheet u-valign-top-lg u-valign-top-md u-valign-top-xl u-valign-top-xxl u-sheet-1\">\r\n    <div class=\"custom-expanded data-layout-selected shadow u-clearfix u-expanded-width-lg u-expanded-width-xl u-expanded-width-xxl u-gutter-0 u-layout-wrap u-layout-wrap-1\">\r\n      <div class=\"u-layout\">\r\n        <div class=\"u-layout-row\">\r\n          <div class=\"u-container-style u-layout-cell u-size-24-xl u-size-24-xxl u-size-25-lg u-size-60-md u-size-60-sm u-size-60-xs u-layout-cell-1 order-1\">\r\n            <div class=\"u-container-layout u-container-layout-1\">\r\n              <div class=\"u-container-style u-expanded-width u-group u-group-1\">\r\n                <div class=\"u-container-layout u-valign-middle u-container-layout-2\">\r\n                  <h2 class='u-text u-text-default u-text-1 has-large-font-size'>Lagerhaus<\/h2>                  <div class=\"u-text u-text-default u-text-2\"><p>Wussten Sie, dass Sie unser Lagerhaus besuchen k\u00f6nnen? Unsere Ausstellungen zeigen nicht alles, was unser Museum in seiner gesamten Sammlung besitzt. In Schr\u00e4nken und Regalen lagert ein gro\u00dfer Teil der Kunst und anderer Gegenst\u00e4nde: nicht nur Gem\u00e4lde, sondern auch Zeichnungen, T\u00f6pferwaren, Textilien, Kleidung, Erbst\u00fccke wie altes Spielzeug, K\u00fcchenutensilien aus dem fr\u00fchen zwanzigstes Jahrhundert. Setzen Sie sich mit uns in Verbindung, um die Kosten f\u00fcr den Depotbesuch zu erfragen und einen Termin f\u00fcr die Besichtigung unseres Lagerhauses zu vereinbaren.<\/p>\n<\/div>\r\n                  <div class=\"buttons\">\r\n                                    <a class=\"u-btn u-button-style u-palette-3-base\" href=\"https:\/\/museumfabriekwinterswijk.nl\/contact-route\/\" target=\"\">\r\n                Vereinbarung eines Termins            <\/a>\r\n                                            <a class=\"u-btn u-button-style u-palette-2-base\" href=\"https:\/\/museumfabriekwinterswijk.nl\/film-depot-museumfabriek\/\" target=\"\">\r\n                video \u00fcber das Lagerhaus            <\/a>\r\n            <\/div>                <\/div>\r\n              <\/div>\r\n            <\/div>\r\n          <\/div>\r\n          <div class=\"u-container-style u-image u-layout-cell u-size-35-lg u-size-36-xl u-size-36-xxl u-size-60-md u-size-60-sm u-size-60-xs u-image-1 order-2\" data-image-width=\"2100\" data-image-height=\"1400\" style=\"background-image: url('https:\/\/museumfabriekwinterswijk.nl\/wp-content\/uploads\/2024\/12\/depot3.jpg');\">\r\n            <div class=\"u-container-layout u-valign-bottom-lg u-valign-bottom-md u-valign-bottom-xs u-container-layout-3\"><\/div>\r\n          <\/div>\r\n        <\/div>\r\n      <\/div>\r\n    <\/div>\r\n  <\/div>\r\n<\/section>\r\n\r\n\r\n<section class=\"u-sheet\">\n\n\n<div style=\"height:49px\" aria-hidden=\"true\" class=\"wp-block-spacer\"><\/div>\n","protected":false},"excerpt":{"rendered":"<p>Eine Welt voller Geschichten.Aus unserer Sammlung haben wir einige interessante Ausstellungen zusammengestellt, die Sie auf eine Zeitreise von vor Millionen von Jahren bis in die heutige Zeit mitnehmen.Treten Sie ein in die &#8222;MuseumFabriek&#8220; und tauchen Sie ein in die reiche Geschichte Winterswijks. Textilien mit einer Geschichte Sehen Sie, wie unsere Webst\u00fchle in Betrieb genommen werden [&hellip;]<\/p>\n","protected":false},"author":1,"featured_media":0,"parent":0,"menu_order":0,"comment_status":"closed","ping_status":"closed","template":"","meta":{"_acf_changed":false,"footnotes":""},"class_list":["post-1756","page","type-page","status-publish","hentry"],"acf":[],"yoast_head":"<!-- This site is optimized with the Yoast SEO plugin v27.5 - https:\/\/yoast.com\/product\/yoast-seo-wordpress\/ -->\n<title>Kollektion - MuseumFabriek Winterswijk<\/title>\n<meta name=\"description\" content=\"Aus der Sammlung des MuseumFabriek Winterswijk haben wir einige interessante Ausstellungen zusammengestellt.\" \/>\n<meta name=\"robots\" content=\"index, follow, max-snippet:-1, max-image-preview:large, max-video-preview:-1\" \/>\n<link rel=\"canonical\" href=\"https:\/\/museumfabriekwinterswijk.nl\/de\/kollektion\/\" \/>\n<meta property=\"og:locale\" content=\"de_DE\" \/>\n<meta property=\"og:type\" content=\"article\" \/>\n<meta property=\"og:title\" content=\"Kollektion - MuseumFabriek Winterswijk\" \/>\n<meta property=\"og:description\" content=\"Aus der Sammlung des MuseumFabriek Winterswijk haben wir einige interessante Ausstellungen zusammengestellt.\" \/>\n<meta property=\"og:url\" content=\"https:\/\/museumfabriekwinterswijk.nl\/de\/kollektion\/\" \/>\n<meta property=\"og:site_name\" content=\"MuseumFabriek Winterswijk\" \/>\n<meta property=\"article:modified_time\" content=\"2025-02-20T09:44:29+00:00\" \/>\n<meta name=\"twitter:card\" content=\"summary_large_image\" \/>\n<meta name=\"twitter:label1\" content=\"Gesch\u00e4tzte Lesezeit\" \/>\n\t<meta name=\"twitter:data1\" content=\"1\u00a0Minute\" \/>\n<script type=\"application\/ld+json\" class=\"yoast-schema-graph\">{\"@context\":\"https:\\\/\\\/schema.org\",\"@graph\":[{\"@type\":\"WebPage\",\"@id\":\"https:\\\/\\\/museumfabriekwinterswijk.nl\\\/de\\\/kollektion\\\/\",\"url\":\"https:\\\/\\\/museumfabriekwinterswijk.nl\\\/de\\\/kollektion\\\/\",\"name\":\"Kollektion - MuseumFabriek Winterswijk\",\"isPartOf\":{\"@id\":\"https:\\\/\\\/museumfabriekwinterswijk.nl\\\/de\\\/#website\"},\"datePublished\":\"2024-07-30T10:02:53+00:00\",\"dateModified\":\"2025-02-20T09:44:29+00:00\",\"description\":\"Aus der Sammlung des MuseumFabriek Winterswijk haben wir einige interessante Ausstellungen zusammengestellt.\",\"breadcrumb\":{\"@id\":\"https:\\\/\\\/museumfabriekwinterswijk.nl\\\/de\\\/kollektion\\\/#breadcrumb\"},\"inLanguage\":\"de\",\"potentialAction\":[{\"@type\":\"ReadAction\",\"target\":[\"https:\\\/\\\/museumfabriekwinterswijk.nl\\\/de\\\/kollektion\\\/\"]}]},{\"@type\":\"BreadcrumbList\",\"@id\":\"https:\\\/\\\/museumfabriekwinterswijk.nl\\\/de\\\/kollektion\\\/#breadcrumb\",\"itemListElement\":[{\"@type\":\"ListItem\",\"position\":1,\"name\":\"Home\",\"item\":\"https:\\\/\\\/museumfabriekwinterswijk.nl\\\/de\\\/\"},{\"@type\":\"ListItem\",\"position\":2,\"name\":\"Kollektion\"}]},{\"@type\":\"WebSite\",\"@id\":\"https:\\\/\\\/museumfabriekwinterswijk.nl\\\/de\\\/#website\",\"url\":\"https:\\\/\\\/museumfabriekwinterswijk.nl\\\/de\\\/\",\"name\":\"MuseumFabriek Winterswijk\",\"description\":\"de schatkamer van Winterswijk\",\"publisher\":{\"@id\":\"https:\\\/\\\/museumfabriekwinterswijk.nl\\\/de\\\/#organization\"},\"potentialAction\":[{\"@type\":\"SearchAction\",\"target\":{\"@type\":\"EntryPoint\",\"urlTemplate\":\"https:\\\/\\\/museumfabriekwinterswijk.nl\\\/de\\\/?s={search_term_string}\"},\"query-input\":{\"@type\":\"PropertyValueSpecification\",\"valueRequired\":true,\"valueName\":\"search_term_string\"}}],\"inLanguage\":\"de\"},{\"@type\":\"Organization\",\"@id\":\"https:\\\/\\\/museumfabriekwinterswijk.nl\\\/de\\\/#organization\",\"name\":\"MuseumFabriek Winterswijk\",\"url\":\"https:\\\/\\\/museumfabriekwinterswijk.nl\\\/de\\\/\",\"logo\":{\"@type\":\"ImageObject\",\"inLanguage\":\"de\",\"@id\":\"https:\\\/\\\/museumfabriekwinterswijk.nl\\\/de\\\/#\\\/schema\\\/logo\\\/image\\\/\",\"url\":\"https:\\\/\\\/museumfabriekwinterswijk.nl\\\/wp-content\\\/uploads\\\/2024\\\/07\\\/cropped-logo-Museum-Fabriek.jpg\",\"contentUrl\":\"https:\\\/\\\/museumfabriekwinterswijk.nl\\\/wp-content\\\/uploads\\\/2024\\\/07\\\/cropped-logo-Museum-Fabriek.jpg\",\"width\":1059,\"height\":1059,\"caption\":\"MuseumFabriek Winterswijk\"},\"image\":{\"@id\":\"https:\\\/\\\/museumfabriekwinterswijk.nl\\\/de\\\/#\\\/schema\\\/logo\\\/image\\\/\"}}]}<\/script>\n<!-- \/ Yoast SEO plugin. -->","yoast_head_json":{"title":"Kollektion - MuseumFabriek Winterswijk","description":"Aus der Sammlung des MuseumFabriek Winterswijk haben wir einige interessante Ausstellungen zusammengestellt.","robots":{"index":"index","follow":"follow","max-snippet":"max-snippet:-1","max-image-preview":"max-image-preview:large","max-video-preview":"max-video-preview:-1"},"canonical":"https:\/\/museumfabriekwinterswijk.nl\/de\/kollektion\/","og_locale":"de_DE","og_type":"article","og_title":"Kollektion - MuseumFabriek Winterswijk","og_description":"Aus der Sammlung des MuseumFabriek Winterswijk haben wir einige interessante Ausstellungen zusammengestellt.","og_url":"https:\/\/museumfabriekwinterswijk.nl\/de\/kollektion\/","og_site_name":"MuseumFabriek Winterswijk","article_modified_time":"2025-02-20T09:44:29+00:00","twitter_card":"summary_large_image","twitter_misc":{"Gesch\u00e4tzte Lesezeit":"1\u00a0Minute"},"schema":{"@context":"https:\/\/schema.org","@graph":[{"@type":"WebPage","@id":"https:\/\/museumfabriekwinterswijk.nl\/de\/kollektion\/","url":"https:\/\/museumfabriekwinterswijk.nl\/de\/kollektion\/","name":"Kollektion - MuseumFabriek Winterswijk","isPartOf":{"@id":"https:\/\/museumfabriekwinterswijk.nl\/de\/#website"},"datePublished":"2024-07-30T10:02:53+00:00","dateModified":"2025-02-20T09:44:29+00:00","description":"Aus der Sammlung des MuseumFabriek Winterswijk haben wir einige interessante Ausstellungen zusammengestellt.","breadcrumb":{"@id":"https:\/\/museumfabriekwinterswijk.nl\/de\/kollektion\/#breadcrumb"},"inLanguage":"de","potentialAction":[{"@type":"ReadAction","target":["https:\/\/museumfabriekwinterswijk.nl\/de\/kollektion\/"]}]},{"@type":"BreadcrumbList","@id":"https:\/\/museumfabriekwinterswijk.nl\/de\/kollektion\/#breadcrumb","itemListElement":[{"@type":"ListItem","position":1,"name":"Home","item":"https:\/\/museumfabriekwinterswijk.nl\/de\/"},{"@type":"ListItem","position":2,"name":"Kollektion"}]},{"@type":"WebSite","@id":"https:\/\/museumfabriekwinterswijk.nl\/de\/#website","url":"https:\/\/museumfabriekwinterswijk.nl\/de\/","name":"MuseumFabriek Winterswijk","description":"de schatkamer van Winterswijk","publisher":{"@id":"https:\/\/museumfabriekwinterswijk.nl\/de\/#organization"},"potentialAction":[{"@type":"SearchAction","target":{"@type":"EntryPoint","urlTemplate":"https:\/\/museumfabriekwinterswijk.nl\/de\/?s={search_term_string}"},"query-input":{"@type":"PropertyValueSpecification","valueRequired":true,"valueName":"search_term_string"}}],"inLanguage":"de"},{"@type":"Organization","@id":"https:\/\/museumfabriekwinterswijk.nl\/de\/#organization","name":"MuseumFabriek Winterswijk","url":"https:\/\/museumfabriekwinterswijk.nl\/de\/","logo":{"@type":"ImageObject","inLanguage":"de","@id":"https:\/\/museumfabriekwinterswijk.nl\/de\/#\/schema\/logo\/image\/","url":"https:\/\/museumfabriekwinterswijk.nl\/wp-content\/uploads\/2024\/07\/cropped-logo-Museum-Fabriek.jpg","contentUrl":"https:\/\/museumfabriekwinterswijk.nl\/wp-content\/uploads\/2024\/07\/cropped-logo-Museum-Fabriek.jpg","width":1059,"height":1059,"caption":"MuseumFabriek Winterswijk"},"image":{"@id":"https:\/\/museumfabriekwinterswijk.nl\/de\/#\/schema\/logo\/image\/"}}]}},"_links":{"self":[{"href":"https:\/\/museumfabriekwinterswijk.nl\/de\/wp-json\/wp\/v2\/pages\/1756","targetHints":{"allow":["GET"]}}],"collection":[{"href":"https:\/\/museumfabriekwinterswijk.nl\/de\/wp-json\/wp\/v2\/pages"}],"about":[{"href":"https:\/\/museumfabriekwinterswijk.nl\/de\/wp-json\/wp\/v2\/types\/page"}],"author":[{"embeddable":true,"href":"https:\/\/museumfabriekwinterswijk.nl\/de\/wp-json\/wp\/v2\/users\/1"}],"replies":[{"embeddable":true,"href":"https:\/\/museumfabriekwinterswijk.nl\/de\/wp-json\/wp\/v2\/comments?post=1756"}],"version-history":[{"count":3,"href":"https:\/\/museumfabriekwinterswijk.nl\/de\/wp-json\/wp\/v2\/pages\/1756\/revisions"}],"predecessor-version":[{"id":2097,"href":"https:\/\/museumfabriekwinterswijk.nl\/de\/wp-json\/wp\/v2\/pages\/1756\/revisions\/2097"}],"wp:attachment":[{"href":"https:\/\/museumfabriekwinterswijk.nl\/de\/wp-json\/wp\/v2\/media?parent=1756"}],"curies":[{"name":"wp","href":"https:\/\/api.w.org\/{rel}","templated":true}]}}