{"id":1770,"date":"2024-12-03T16:31:54","date_gmt":"2024-12-03T16:31:54","guid":{"rendered":"https:\/\/museumfabriekwinterswijk.nl\/ausstellungen\/gerrit-komrij\/"},"modified":"2025-02-05T14:54:54","modified_gmt":"2025-02-05T14:54:54","slug":"gerrit-komrij","status":"publish","type":"page","link":"https:\/\/museumfabriekwinterswijk.nl\/de\/ausstellungen\/gerrit-komrij\/","title":{"rendered":"Gerrit Komrij"},"content":{"rendered":"\n<div class=\"wp-block-columns is-layout-flex wp-container-core-columns-is-layout-9d6595d7 wp-block-columns-is-layout-flex\">\n<div class=\"wp-block-column is-layout-flow wp-block-column-is-layout-flow\">\n<p>In die <em>Iepenstraat<\/em> in Winterswijk erblickte 1944 der ber\u00fchmte Dichter Gerrit Komrij das Licht der Welt. Seine Kindheit, die von der Arbeiterkultur des Dorfes gepr\u00e4gt war, sollte sein Werk nachhaltig inspirieren. Nach dem Besuch des Gymnasiums, wo er Gedichte und andere Beitr\u00e4ge f\u00fcr die Sch\u00fclerzeitung schrieb, ver\u00f6ffentlichte er bereits in jungen Jahren seine erste Gedichtsammlung \u201e<em>Dekonstruktie in vier Teilen<\/em>\u201c, ein Meilenstein in seiner literarischen Entwicklung. Diese erste Sammlung wurde in einer Druckerei in Winterswijk gedruckt.<br>Gerrit Komrij starb im Jahr 2012 in Amsterdam.<\/p>\n\n\n\n<p>Frau Anjema hat das &#8222;<em>Vereniging Het Museum<\/em>&#8220; eine besondere Sammlung von B\u00fcchern und anderen Schriften von und \u00fcber Komrij vermacht. Diese Sammlung ist in der &#8222;<em>MuseumFabriek<\/em>&#8220; ausgestellt. <br><br><br>M\u00f6chten Sie mehr \u00fcber das Leben und die Arbeit von Gerrit Komrij erfahren?<br>Dann besuchen Sie die &#8222;<em>MuseumFabriek<\/em>&#8220; Winterswijk!<\/p>\n<\/div>\n\n\n\n<div class=\"wp-block-column is-layout-flow wp-block-column-is-layout-flow\">\n<figure class=\"wp-block-gallery has-nested-images columns-default is-cropped wp-block-gallery-1 is-layout-flex wp-block-gallery-is-layout-flex\">\n<figure class=\"wp-block-image size-medium\"><a href=\"https:\/\/museumfabriekwinterswijk.nl\/wp-content\/uploads\/2024\/12\/komrij-.jpg\" data-rel=\"lightbox-gallery-KxiXcXnJ\" data-rl_title=\"\" data-rl_caption=\"\" title=\"\"><img loading=\"lazy\" decoding=\"async\" width=\"260\" height=\"300\" data-id=\"1198\" src=\"https:\/\/museumfabriekwinterswijk.nl\/wp-content\/uploads\/2024\/12\/komrij--260x300.jpg\" alt=\"Gerrit Komrij\" class=\"wp-image-1198\" srcset=\"https:\/\/museumfabriekwinterswijk.nl\/wp-content\/uploads\/2024\/12\/komrij--260x300.jpg 260w, https:\/\/museumfabriekwinterswijk.nl\/wp-content\/uploads\/2024\/12\/komrij--300x346.jpg 300w, https:\/\/museumfabriekwinterswijk.nl\/wp-content\/uploads\/2024\/12\/komrij--600x692.jpg 600w, https:\/\/museumfabriekwinterswijk.nl\/wp-content\/uploads\/2024\/12\/komrij--64x74.jpg 64w, https:\/\/museumfabriekwinterswijk.nl\/wp-content\/uploads\/2024\/12\/komrij--887x1024.jpg 887w, https:\/\/museumfabriekwinterswijk.nl\/wp-content\/uploads\/2024\/12\/komrij--768x886.jpg 768w, https:\/\/museumfabriekwinterswijk.nl\/wp-content\/uploads\/2024\/12\/komrij-.jpg 1051w\" sizes=\"auto, (max-width: 260px) 100vw, 260px\" \/><\/a><\/figure>\n\n\n\n<figure class=\"wp-block-image size-medium\"><a href=\"https:\/\/museumfabriekwinterswijk.nl\/wp-content\/uploads\/2024\/12\/komrij3.jpg\" data-rel=\"lightbox-gallery-KxiXcXnJ\" data-rl_title=\"\" data-rl_caption=\"\" title=\"\"><img loading=\"lazy\" decoding=\"async\" width=\"279\" height=\"300\" data-id=\"1200\" src=\"https:\/\/museumfabriekwinterswijk.nl\/wp-content\/uploads\/2024\/12\/komrij3-279x300.jpg\" alt=\"Buch Gerrit Komrij\" class=\"wp-image-1200\" srcset=\"https:\/\/museumfabriekwinterswijk.nl\/wp-content\/uploads\/2024\/12\/komrij3-279x300.jpg 279w, https:\/\/museumfabriekwinterswijk.nl\/wp-content\/uploads\/2024\/12\/komrij3-64x69.jpg 64w, https:\/\/museumfabriekwinterswijk.nl\/wp-content\/uploads\/2024\/12\/komrij3.jpg 287w\" sizes=\"auto, (max-width: 279px) 100vw, 279px\" \/><\/a><\/figure>\n<\/figure>\n\n\n\n<div class=\"wp-block-group has-white-color has-color-1-background-color has-text-color has-background has-link-color wp-elements-ad9a5a64da217ca74b2e5c7c49250633\"><div class=\"wp-block-group__inner-container is-layout-constrained wp-block-group-is-layout-constrained\">\n<p>Wussten Sie, dass&#8230;Komrij im Januar 2000 von den niederl\u00e4ndischen Lesern f\u00fcr eine f\u00fcnfj\u00e4hrige Amtszeit zum ersten <a href=\"https:\/\/nl.wikipedia.org\/wiki\/Dichter_des_Vaderlands_(Nederland)\">Dichterpreistr\u00e4ger<\/a> der Niederlande ernannt wurde.<\/p>\n<\/div><\/div>\n<\/div>\n<\/div>\n\n\n\n<div style=\"height:100px\" aria-hidden=\"true\" class=\"wp-block-spacer\"><\/div>\n","protected":false},"excerpt":{"rendered":"<p>In die Iepenstraat in Winterswijk erblickte 1944 der ber\u00fchmte Dichter Gerrit Komrij das Licht der Welt. Seine Kindheit, die von der Arbeiterkultur des Dorfes gepr\u00e4gt war, sollte sein Werk nachhaltig inspirieren. Nach dem Besuch des Gymnasiums, wo er Gedichte und andere Beitr\u00e4ge f\u00fcr die Sch\u00fclerzeitung schrieb, ver\u00f6ffentlichte er bereits in jungen Jahren seine erste Gedichtsammlung [&hellip;]<\/p>\n","protected":false},"author":2,"featured_media":0,"parent":1766,"menu_order":0,"comment_status":"closed","ping_status":"closed","template":"","meta":{"_acf_changed":false,"footnotes":""},"class_list":["post-1770","page","type-page","status-publish","hentry"],"acf":[],"yoast_head":"<!-- This site is optimized with the Yoast SEO plugin v27.5 - https:\/\/yoast.com\/product\/yoast-seo-wordpress\/ -->\n<title>Gerrit Komrij - MuseumFabriek Winterswijk<\/title>\n<meta name=\"description\" content=\"Gerrit Komrij wurde 1944 in Winterswijk geboren. Im Jahr 2000 wurde er zum \u201epoet des vaderlands\u201c ernannt.\" \/>\n<meta name=\"robots\" content=\"index, follow, max-snippet:-1, max-image-preview:large, max-video-preview:-1\" \/>\n<link rel=\"canonical\" href=\"https:\/\/museumfabriekwinterswijk.nl\/de\/ausstellungen\/gerrit-komrij\/\" \/>\n<meta property=\"og:locale\" content=\"de_DE\" \/>\n<meta property=\"og:type\" content=\"article\" \/>\n<meta property=\"og:title\" content=\"Gerrit Komrij - MuseumFabriek Winterswijk\" \/>\n<meta property=\"og:description\" content=\"Gerrit Komrij wurde 1944 in Winterswijk geboren. Im Jahr 2000 wurde er zum \u201epoet des vaderlands\u201c ernannt.\" \/>\n<meta property=\"og:url\" content=\"https:\/\/museumfabriekwinterswijk.nl\/de\/ausstellungen\/gerrit-komrij\/\" \/>\n<meta property=\"og:site_name\" content=\"MuseumFabriek Winterswijk\" \/>\n<meta property=\"article:modified_time\" content=\"2025-02-05T14:54:54+00:00\" \/>\n<meta property=\"og:image\" content=\"https:\/\/museumfabriekwinterswijk.nl\/wp-content\/uploads\/2024\/12\/komrij-.jpg\" \/>\n\t<meta property=\"og:image:width\" content=\"1051\" \/>\n\t<meta property=\"og:image:height\" content=\"1213\" \/>\n\t<meta property=\"og:image:type\" content=\"image\/jpeg\" \/>\n<meta name=\"twitter:card\" content=\"summary_large_image\" \/>\n<meta name=\"twitter:label1\" content=\"Gesch\u00e4tzte Lesezeit\" \/>\n\t<meta name=\"twitter:data1\" content=\"2\u00a0Minute\" \/>\n<script type=\"application\/ld+json\" class=\"yoast-schema-graph\">{\"@context\":\"https:\\\/\\\/schema.org\",\"@graph\":[{\"@type\":\"WebPage\",\"@id\":\"https:\\\/\\\/museumfabriekwinterswijk.nl\\\/de\\\/ausstellungen\\\/gerrit-komrij\\\/\",\"url\":\"https:\\\/\\\/museumfabriekwinterswijk.nl\\\/de\\\/ausstellungen\\\/gerrit-komrij\\\/\",\"name\":\"Gerrit Komrij - MuseumFabriek Winterswijk\",\"isPartOf\":{\"@id\":\"https:\\\/\\\/museumfabriekwinterswijk.nl\\\/de\\\/#website\"},\"primaryImageOfPage\":{\"@id\":\"https:\\\/\\\/museumfabriekwinterswijk.nl\\\/de\\\/ausstellungen\\\/gerrit-komrij\\\/#primaryimage\"},\"image\":{\"@id\":\"https:\\\/\\\/museumfabriekwinterswijk.nl\\\/de\\\/ausstellungen\\\/gerrit-komrij\\\/#primaryimage\"},\"thumbnailUrl\":\"https:\\\/\\\/museumfabriekwinterswijk.nl\\\/wp-content\\\/uploads\\\/2024\\\/12\\\/komrij--260x300.jpg\",\"datePublished\":\"2024-12-03T16:31:54+00:00\",\"dateModified\":\"2025-02-05T14:54:54+00:00\",\"description\":\"Gerrit Komrij wurde 1944 in Winterswijk geboren. Im Jahr 2000 wurde er zum \u201epoet des vaderlands\u201c ernannt.\",\"breadcrumb\":{\"@id\":\"https:\\\/\\\/museumfabriekwinterswijk.nl\\\/de\\\/ausstellungen\\\/gerrit-komrij\\\/#breadcrumb\"},\"inLanguage\":\"de\",\"potentialAction\":[{\"@type\":\"ReadAction\",\"target\":[\"https:\\\/\\\/museumfabriekwinterswijk.nl\\\/de\\\/ausstellungen\\\/gerrit-komrij\\\/\"]}]},{\"@type\":\"ImageObject\",\"inLanguage\":\"de\",\"@id\":\"https:\\\/\\\/museumfabriekwinterswijk.nl\\\/de\\\/ausstellungen\\\/gerrit-komrij\\\/#primaryimage\",\"url\":\"https:\\\/\\\/museumfabriekwinterswijk.nl\\\/wp-content\\\/uploads\\\/2024\\\/12\\\/komrij--260x300.jpg\",\"contentUrl\":\"https:\\\/\\\/museumfabriekwinterswijk.nl\\\/wp-content\\\/uploads\\\/2024\\\/12\\\/komrij--260x300.jpg\"},{\"@type\":\"BreadcrumbList\",\"@id\":\"https:\\\/\\\/museumfabriekwinterswijk.nl\\\/de\\\/ausstellungen\\\/gerrit-komrij\\\/#breadcrumb\",\"itemListElement\":[{\"@type\":\"ListItem\",\"position\":1,\"name\":\"Home\",\"item\":\"https:\\\/\\\/museumfabriekwinterswijk.nl\\\/de\\\/\"},{\"@type\":\"ListItem\",\"position\":2,\"name\":\"Ausstellungen\",\"item\":\"https:\\\/\\\/museumfabriekwinterswijk.nl\\\/de\\\/ausstellungen\\\/\"},{\"@type\":\"ListItem\",\"position\":3,\"name\":\"Gerrit Komrij\"}]},{\"@type\":\"WebSite\",\"@id\":\"https:\\\/\\\/museumfabriekwinterswijk.nl\\\/de\\\/#website\",\"url\":\"https:\\\/\\\/museumfabriekwinterswijk.nl\\\/de\\\/\",\"name\":\"MuseumFabriek Winterswijk\",\"description\":\"de schatkamer van Winterswijk\",\"publisher\":{\"@id\":\"https:\\\/\\\/museumfabriekwinterswijk.nl\\\/de\\\/#organization\"},\"potentialAction\":[{\"@type\":\"SearchAction\",\"target\":{\"@type\":\"EntryPoint\",\"urlTemplate\":\"https:\\\/\\\/museumfabriekwinterswijk.nl\\\/de\\\/?s={search_term_string}\"},\"query-input\":{\"@type\":\"PropertyValueSpecification\",\"valueRequired\":true,\"valueName\":\"search_term_string\"}}],\"inLanguage\":\"de\"},{\"@type\":\"Organization\",\"@id\":\"https:\\\/\\\/museumfabriekwinterswijk.nl\\\/de\\\/#organization\",\"name\":\"MuseumFabriek Winterswijk\",\"url\":\"https:\\\/\\\/museumfabriekwinterswijk.nl\\\/de\\\/\",\"logo\":{\"@type\":\"ImageObject\",\"inLanguage\":\"de\",\"@id\":\"https:\\\/\\\/museumfabriekwinterswijk.nl\\\/de\\\/#\\\/schema\\\/logo\\\/image\\\/\",\"url\":\"https:\\\/\\\/museumfabriekwinterswijk.nl\\\/wp-content\\\/uploads\\\/2024\\\/07\\\/cropped-logo-Museum-Fabriek.jpg\",\"contentUrl\":\"https:\\\/\\\/museumfabriekwinterswijk.nl\\\/wp-content\\\/uploads\\\/2024\\\/07\\\/cropped-logo-Museum-Fabriek.jpg\",\"width\":1059,\"height\":1059,\"caption\":\"MuseumFabriek Winterswijk\"},\"image\":{\"@id\":\"https:\\\/\\\/museumfabriekwinterswijk.nl\\\/de\\\/#\\\/schema\\\/logo\\\/image\\\/\"}}]}<\/script>\n<!-- \/ Yoast SEO plugin. -->","yoast_head_json":{"title":"Gerrit Komrij - MuseumFabriek Winterswijk","description":"Gerrit Komrij wurde 1944 in Winterswijk geboren. Im Jahr 2000 wurde er zum \u201epoet des vaderlands\u201c ernannt.","robots":{"index":"index","follow":"follow","max-snippet":"max-snippet:-1","max-image-preview":"max-image-preview:large","max-video-preview":"max-video-preview:-1"},"canonical":"https:\/\/museumfabriekwinterswijk.nl\/de\/ausstellungen\/gerrit-komrij\/","og_locale":"de_DE","og_type":"article","og_title":"Gerrit Komrij - MuseumFabriek Winterswijk","og_description":"Gerrit Komrij wurde 1944 in Winterswijk geboren. Im Jahr 2000 wurde er zum \u201epoet des vaderlands\u201c ernannt.","og_url":"https:\/\/museumfabriekwinterswijk.nl\/de\/ausstellungen\/gerrit-komrij\/","og_site_name":"MuseumFabriek Winterswijk","article_modified_time":"2025-02-05T14:54:54+00:00","og_image":[{"width":1051,"height":1213,"url":"https:\/\/museumfabriekwinterswijk.nl\/wp-content\/uploads\/2024\/12\/komrij-.jpg","type":"image\/jpeg"}],"twitter_card":"summary_large_image","twitter_misc":{"Gesch\u00e4tzte Lesezeit":"2\u00a0Minute"},"schema":{"@context":"https:\/\/schema.org","@graph":[{"@type":"WebPage","@id":"https:\/\/museumfabriekwinterswijk.nl\/de\/ausstellungen\/gerrit-komrij\/","url":"https:\/\/museumfabriekwinterswijk.nl\/de\/ausstellungen\/gerrit-komrij\/","name":"Gerrit Komrij - MuseumFabriek Winterswijk","isPartOf":{"@id":"https:\/\/museumfabriekwinterswijk.nl\/de\/#website"},"primaryImageOfPage":{"@id":"https:\/\/museumfabriekwinterswijk.nl\/de\/ausstellungen\/gerrit-komrij\/#primaryimage"},"image":{"@id":"https:\/\/museumfabriekwinterswijk.nl\/de\/ausstellungen\/gerrit-komrij\/#primaryimage"},"thumbnailUrl":"https:\/\/museumfabriekwinterswijk.nl\/wp-content\/uploads\/2024\/12\/komrij--260x300.jpg","datePublished":"2024-12-03T16:31:54+00:00","dateModified":"2025-02-05T14:54:54+00:00","description":"Gerrit Komrij wurde 1944 in Winterswijk geboren. Im Jahr 2000 wurde er zum \u201epoet des vaderlands\u201c ernannt.","breadcrumb":{"@id":"https:\/\/museumfabriekwinterswijk.nl\/de\/ausstellungen\/gerrit-komrij\/#breadcrumb"},"inLanguage":"de","potentialAction":[{"@type":"ReadAction","target":["https:\/\/museumfabriekwinterswijk.nl\/de\/ausstellungen\/gerrit-komrij\/"]}]},{"@type":"ImageObject","inLanguage":"de","@id":"https:\/\/museumfabriekwinterswijk.nl\/de\/ausstellungen\/gerrit-komrij\/#primaryimage","url":"https:\/\/museumfabriekwinterswijk.nl\/wp-content\/uploads\/2024\/12\/komrij--260x300.jpg","contentUrl":"https:\/\/museumfabriekwinterswijk.nl\/wp-content\/uploads\/2024\/12\/komrij--260x300.jpg"},{"@type":"BreadcrumbList","@id":"https:\/\/museumfabriekwinterswijk.nl\/de\/ausstellungen\/gerrit-komrij\/#breadcrumb","itemListElement":[{"@type":"ListItem","position":1,"name":"Home","item":"https:\/\/museumfabriekwinterswijk.nl\/de\/"},{"@type":"ListItem","position":2,"name":"Ausstellungen","item":"https:\/\/museumfabriekwinterswijk.nl\/de\/ausstellungen\/"},{"@type":"ListItem","position":3,"name":"Gerrit Komrij"}]},{"@type":"WebSite","@id":"https:\/\/museumfabriekwinterswijk.nl\/de\/#website","url":"https:\/\/museumfabriekwinterswijk.nl\/de\/","name":"MuseumFabriek Winterswijk","description":"de schatkamer van Winterswijk","publisher":{"@id":"https:\/\/museumfabriekwinterswijk.nl\/de\/#organization"},"potentialAction":[{"@type":"SearchAction","target":{"@type":"EntryPoint","urlTemplate":"https:\/\/museumfabriekwinterswijk.nl\/de\/?s={search_term_string}"},"query-input":{"@type":"PropertyValueSpecification","valueRequired":true,"valueName":"search_term_string"}}],"inLanguage":"de"},{"@type":"Organization","@id":"https:\/\/museumfabriekwinterswijk.nl\/de\/#organization","name":"MuseumFabriek Winterswijk","url":"https:\/\/museumfabriekwinterswijk.nl\/de\/","logo":{"@type":"ImageObject","inLanguage":"de","@id":"https:\/\/museumfabriekwinterswijk.nl\/de\/#\/schema\/logo\/image\/","url":"https:\/\/museumfabriekwinterswijk.nl\/wp-content\/uploads\/2024\/07\/cropped-logo-Museum-Fabriek.jpg","contentUrl":"https:\/\/museumfabriekwinterswijk.nl\/wp-content\/uploads\/2024\/07\/cropped-logo-Museum-Fabriek.jpg","width":1059,"height":1059,"caption":"MuseumFabriek Winterswijk"},"image":{"@id":"https:\/\/museumfabriekwinterswijk.nl\/de\/#\/schema\/logo\/image\/"}}]}},"_links":{"self":[{"href":"https:\/\/museumfabriekwinterswijk.nl\/de\/wp-json\/wp\/v2\/pages\/1770","targetHints":{"allow":["GET"]}}],"collection":[{"href":"https:\/\/museumfabriekwinterswijk.nl\/de\/wp-json\/wp\/v2\/pages"}],"about":[{"href":"https:\/\/museumfabriekwinterswijk.nl\/de\/wp-json\/wp\/v2\/types\/page"}],"author":[{"embeddable":true,"href":"https:\/\/museumfabriekwinterswijk.nl\/de\/wp-json\/wp\/v2\/users\/2"}],"replies":[{"embeddable":true,"href":"https:\/\/museumfabriekwinterswijk.nl\/de\/wp-json\/wp\/v2\/comments?post=1770"}],"version-history":[{"count":2,"href":"https:\/\/museumfabriekwinterswijk.nl\/de\/wp-json\/wp\/v2\/pages\/1770\/revisions"}],"predecessor-version":[{"id":1966,"href":"https:\/\/museumfabriekwinterswijk.nl\/de\/wp-json\/wp\/v2\/pages\/1770\/revisions\/1966"}],"up":[{"embeddable":true,"href":"https:\/\/museumfabriekwinterswijk.nl\/de\/wp-json\/wp\/v2\/pages\/1766"}],"wp:attachment":[{"href":"https:\/\/museumfabriekwinterswijk.nl\/de\/wp-json\/wp\/v2\/media?parent=1770"}],"curies":[{"name":"wp","href":"https:\/\/api.w.org\/{rel}","templated":true}]}}