{"id":1772,"date":"2024-12-13T15:03:40","date_gmt":"2024-12-13T15:03:40","guid":{"rendered":"https:\/\/museumfabriekwinterswijk.nl\/ausstellungen\/kleidung-und-kleidung-und-trachtenhauben\/"},"modified":"2025-02-03T11:15:46","modified_gmt":"2025-02-03T11:15:46","slug":"kleidung-und-kleidung-und-trachtenhauben","status":"publish","type":"page","link":"https:\/\/museumfabriekwinterswijk.nl\/de\/ausstellungen\/kleidung-und-kleidung-und-trachtenhauben\/","title":{"rendered":"Kleidung und Trachtenhauben"},"content":{"rendered":"\n<div class=\"wp-block-columns is-layout-flex wp-container-core-columns-is-layout-9d6595d7 wp-block-columns-is-layout-flex\">\n<div class=\"wp-block-column is-layout-flow wp-block-column-is-layout-flow\">\n<p><\/p>\n\n\n\n<p>Im MuseumFabriek gibt es eine kleine Ausstellung von Kleidern und Trachtenhauben, die in der Winterswijker Tracht getragen wurden. Von pr\u00e4chtigen Seidenkleidern bis hin zu einfacher Arbeitskleidung aus Baumwolle und von H\u00fcten mit Spitzenausschnitt bis hin zu selbstgeh\u00e4kelten Arbeitsh\u00fcten geben die Kleidungsst\u00fccke viel Aufschluss \u00fcber den sozialen Status des Tr\u00e4gers.<\/p>\n\n\n\n<p>M\u00f6chten Sie mehr \u00fcber die Kleidung erfahren, die die Winterswijker vor 150 Jahren getragen haben?<br\/>Dann besuchen Sie diese Ausstellung in der MuseumFabriek!<\/p>\n<\/div>\n\n\n\n<div class=\"wp-block-column is-layout-flow wp-block-column-is-layout-flow\" style=\"flex-basis:450px\">\n<figure class=\"wp-block-gallery has-nested-images columns-default is-cropped wp-block-gallery-1 is-layout-flex wp-block-gallery-is-layout-flex\">\n<figure class=\"wp-block-image size-medium\"><a href=\"https:\/\/museumfabriekwinterswijk.nl\/wp-content\/uploads\/2024\/12\/mevr-Droppers.jpg\" data-rel=\"lightbox-gallery-u5XihGOr\" data-rl_title=\"\" data-rl_caption=\"\" title=\"\"><img loading=\"lazy\" decoding=\"async\" width=\"245\" height=\"300\" data-id=\"1387\" src=\"https:\/\/museumfabriekwinterswijk.nl\/wp-content\/uploads\/2024\/12\/mevr-Droppers-245x300.jpg\" alt=\"Frau Droppers\" class=\"wp-image-1387\" srcset=\"https:\/\/museumfabriekwinterswijk.nl\/wp-content\/uploads\/2024\/12\/mevr-Droppers-245x300.jpg 245w, https:\/\/museumfabriekwinterswijk.nl\/wp-content\/uploads\/2024\/12\/mevr-Droppers-300x367.jpg 300w, https:\/\/museumfabriekwinterswijk.nl\/wp-content\/uploads\/2024\/12\/mevr-Droppers-64x78.jpg 64w, https:\/\/museumfabriekwinterswijk.nl\/wp-content\/uploads\/2024\/12\/mevr-Droppers.jpg 507w\" sizes=\"auto, (max-width: 245px) 100vw, 245px\" \/><\/a><\/figure>\n\n\n\n<figure class=\"wp-block-image size-medium\"><a href=\"https:\/\/museumfabriekwinterswijk.nl\/wp-content\/uploads\/2024\/12\/klederdracht-Kotten.jpg\" data-rel=\"lightbox-gallery-u5XihGOr\" data-rl_title=\"\" data-rl_caption=\"\" title=\"\"><img loading=\"lazy\" decoding=\"async\" width=\"194\" height=\"300\" data-id=\"1294\" src=\"https:\/\/museumfabriekwinterswijk.nl\/wp-content\/uploads\/2024\/12\/klederdracht-Kotten-194x300.jpg\" alt=\"Tracht Kotten\" class=\"wp-image-1294\" srcset=\"https:\/\/museumfabriekwinterswijk.nl\/wp-content\/uploads\/2024\/12\/klederdracht-Kotten-194x300.jpg 194w, https:\/\/museumfabriekwinterswijk.nl\/wp-content\/uploads\/2024\/12\/klederdracht-Kotten-300x465.jpg 300w, https:\/\/museumfabriekwinterswijk.nl\/wp-content\/uploads\/2024\/12\/klederdracht-Kotten-64x99.jpg 64w, https:\/\/museumfabriekwinterswijk.nl\/wp-content\/uploads\/2024\/12\/klederdracht-Kotten.jpg 413w\" sizes=\"auto, (max-width: 194px) 100vw, 194px\" \/><\/a><\/figure>\n<\/figure>\n\n\n\n<div class=\"wp-block-group has-white-color has-color-1-background-color has-text-color has-background has-link-color wp-elements-08e3fc1b1f87c5919f5048fa15831463\"><div class=\"wp-block-group__inner-container is-layout-constrained wp-block-group-is-layout-constrained\">\n<p>Frau Droppers kam noch bis in die 1960er Jahre jeden Sonntag mit dem Sonntagshut in die Kirche in Winterswijk.<\/p>\n<\/div><\/div>\n\n\n\n<figure class=\"wp-block-image size-large\"><img loading=\"lazy\" decoding=\"async\" width=\"1024\" height=\"631\" src=\"https:\/\/museumfabriekwinterswijk.nl\/wp-content\/uploads\/2024\/12\/knipmutsen-1024x631.jpg\" alt=\"Trachtenhauben\" class=\"wp-image-1391\" srcset=\"https:\/\/museumfabriekwinterswijk.nl\/wp-content\/uploads\/2024\/12\/knipmutsen-1024x631.jpg 1024w, https:\/\/museumfabriekwinterswijk.nl\/wp-content\/uploads\/2024\/12\/knipmutsen-300x185.jpg 300w, https:\/\/museumfabriekwinterswijk.nl\/wp-content\/uploads\/2024\/12\/knipmutsen-600x370.jpg 600w, https:\/\/museumfabriekwinterswijk.nl\/wp-content\/uploads\/2024\/12\/knipmutsen-64x39.jpg 64w, https:\/\/museumfabriekwinterswijk.nl\/wp-content\/uploads\/2024\/12\/knipmutsen-768x474.jpg 768w, https:\/\/museumfabriekwinterswijk.nl\/wp-content\/uploads\/2024\/12\/knipmutsen.jpg 1200w\" sizes=\"auto, (max-width: 1024px) 100vw, 1024px\" \/><\/figure>\n<\/div>\n<\/div>\n\n<p><\/p>\n","protected":false},"excerpt":{"rendered":"<p>Im MuseumFabriek gibt es eine kleine Ausstellung von Kleidern und Trachtenhauben, die in der Winterswijker Tracht getragen wurden. Von pr\u00e4chtigen Seidenkleidern bis hin zu einfacher Arbeitskleidung aus Baumwolle und von H\u00fcten mit Spitzenausschnitt bis hin zu selbstgeh\u00e4kelten Arbeitsh\u00fcten geben die Kleidungsst\u00fccke viel Aufschluss \u00fcber den sozialen Status des Tr\u00e4gers. M\u00f6chten Sie mehr \u00fcber die Kleidung [&hellip;]<\/p>\n","protected":false},"author":2,"featured_media":0,"parent":1766,"menu_order":0,"comment_status":"closed","ping_status":"closed","template":"","meta":{"_acf_changed":false,"footnotes":""},"class_list":["post-1772","page","type-page","status-publish","hentry"],"acf":[],"yoast_head":"<!-- This site is optimized with the Yoast SEO plugin v27.5 - https:\/\/yoast.com\/product\/yoast-seo-wordpress\/ -->\n<title>Kleidung und Trachtenhauben - MuseumFabriek Winterswijk<\/title>\n<meta name=\"description\" content=\"Das MuseumFabriek Winterswijk beherbergt eine Ausstellung von Kleidern und Kleidung und Trachtenhauben, die in der Winterswijker Tracht getragen werden.\" \/>\n<meta name=\"robots\" content=\"index, follow, max-snippet:-1, max-image-preview:large, max-video-preview:-1\" \/>\n<link rel=\"canonical\" href=\"https:\/\/museumfabriekwinterswijk.nl\/de\/ausstellungen\/kleidung-und-kleidung-und-trachtenhauben\/\" \/>\n<meta property=\"og:locale\" content=\"de_DE\" \/>\n<meta property=\"og:type\" content=\"article\" \/>\n<meta property=\"og:title\" content=\"Kleidung und Trachtenhauben - MuseumFabriek Winterswijk\" \/>\n<meta property=\"og:description\" content=\"Das MuseumFabriek Winterswijk beherbergt eine Ausstellung von Kleidern und Kleidung und Trachtenhauben, die in der Winterswijker Tracht getragen werden.\" \/>\n<meta property=\"og:url\" content=\"https:\/\/museumfabriekwinterswijk.nl\/de\/ausstellungen\/kleidung-und-kleidung-und-trachtenhauben\/\" \/>\n<meta property=\"og:site_name\" content=\"MuseumFabriek Winterswijk\" \/>\n<meta property=\"article:modified_time\" content=\"2025-02-03T11:15:46+00:00\" \/>\n<meta property=\"og:image\" content=\"https:\/\/museumfabriekwinterswijk.nl\/wp-content\/uploads\/2024\/12\/mevr-Droppers.jpg\" \/>\n\t<meta property=\"og:image:width\" content=\"507\" \/>\n\t<meta property=\"og:image:height\" content=\"620\" \/>\n\t<meta property=\"og:image:type\" content=\"image\/jpeg\" \/>\n<meta name=\"twitter:card\" content=\"summary_large_image\" \/>\n<script type=\"application\/ld+json\" class=\"yoast-schema-graph\">{\"@context\":\"https:\\\/\\\/schema.org\",\"@graph\":[{\"@type\":\"WebPage\",\"@id\":\"https:\\\/\\\/museumfabriekwinterswijk.nl\\\/de\\\/ausstellungen\\\/kleidung-und-kleidung-und-trachtenhauben\\\/\",\"url\":\"https:\\\/\\\/museumfabriekwinterswijk.nl\\\/de\\\/ausstellungen\\\/kleidung-und-kleidung-und-trachtenhauben\\\/\",\"name\":\"Kleidung und Trachtenhauben - MuseumFabriek Winterswijk\",\"isPartOf\":{\"@id\":\"https:\\\/\\\/museumfabriekwinterswijk.nl\\\/de\\\/#website\"},\"primaryImageOfPage\":{\"@id\":\"https:\\\/\\\/museumfabriekwinterswijk.nl\\\/de\\\/ausstellungen\\\/kleidung-und-kleidung-und-trachtenhauben\\\/#primaryimage\"},\"image\":{\"@id\":\"https:\\\/\\\/museumfabriekwinterswijk.nl\\\/de\\\/ausstellungen\\\/kleidung-und-kleidung-und-trachtenhauben\\\/#primaryimage\"},\"thumbnailUrl\":\"https:\\\/\\\/museumfabriekwinterswijk.nl\\\/wp-content\\\/uploads\\\/2024\\\/12\\\/mevr-Droppers-245x300.jpg\",\"datePublished\":\"2024-12-13T15:03:40+00:00\",\"dateModified\":\"2025-02-03T11:15:46+00:00\",\"description\":\"Das MuseumFabriek Winterswijk beherbergt eine Ausstellung von Kleidern und Kleidung und Trachtenhauben, die in der Winterswijker Tracht getragen werden.\",\"breadcrumb\":{\"@id\":\"https:\\\/\\\/museumfabriekwinterswijk.nl\\\/de\\\/ausstellungen\\\/kleidung-und-kleidung-und-trachtenhauben\\\/#breadcrumb\"},\"inLanguage\":\"de\",\"potentialAction\":[{\"@type\":\"ReadAction\",\"target\":[\"https:\\\/\\\/museumfabriekwinterswijk.nl\\\/de\\\/ausstellungen\\\/kleidung-und-kleidung-und-trachtenhauben\\\/\"]}]},{\"@type\":\"ImageObject\",\"inLanguage\":\"de\",\"@id\":\"https:\\\/\\\/museumfabriekwinterswijk.nl\\\/de\\\/ausstellungen\\\/kleidung-und-kleidung-und-trachtenhauben\\\/#primaryimage\",\"url\":\"https:\\\/\\\/museumfabriekwinterswijk.nl\\\/wp-content\\\/uploads\\\/2024\\\/12\\\/mevr-Droppers-245x300.jpg\",\"contentUrl\":\"https:\\\/\\\/museumfabriekwinterswijk.nl\\\/wp-content\\\/uploads\\\/2024\\\/12\\\/mevr-Droppers-245x300.jpg\"},{\"@type\":\"BreadcrumbList\",\"@id\":\"https:\\\/\\\/museumfabriekwinterswijk.nl\\\/de\\\/ausstellungen\\\/kleidung-und-kleidung-und-trachtenhauben\\\/#breadcrumb\",\"itemListElement\":[{\"@type\":\"ListItem\",\"position\":1,\"name\":\"Home\",\"item\":\"https:\\\/\\\/museumfabriekwinterswijk.nl\\\/de\\\/\"},{\"@type\":\"ListItem\",\"position\":2,\"name\":\"Ausstellungen\",\"item\":\"https:\\\/\\\/museumfabriekwinterswijk.nl\\\/de\\\/ausstellungen\\\/\"},{\"@type\":\"ListItem\",\"position\":3,\"name\":\"Kleidung und Trachtenhauben\"}]},{\"@type\":\"WebSite\",\"@id\":\"https:\\\/\\\/museumfabriekwinterswijk.nl\\\/de\\\/#website\",\"url\":\"https:\\\/\\\/museumfabriekwinterswijk.nl\\\/de\\\/\",\"name\":\"MuseumFabriek Winterswijk\",\"description\":\"de schatkamer van Winterswijk\",\"publisher\":{\"@id\":\"https:\\\/\\\/museumfabriekwinterswijk.nl\\\/de\\\/#organization\"},\"potentialAction\":[{\"@type\":\"SearchAction\",\"target\":{\"@type\":\"EntryPoint\",\"urlTemplate\":\"https:\\\/\\\/museumfabriekwinterswijk.nl\\\/de\\\/?s={search_term_string}\"},\"query-input\":{\"@type\":\"PropertyValueSpecification\",\"valueRequired\":true,\"valueName\":\"search_term_string\"}}],\"inLanguage\":\"de\"},{\"@type\":\"Organization\",\"@id\":\"https:\\\/\\\/museumfabriekwinterswijk.nl\\\/de\\\/#organization\",\"name\":\"MuseumFabriek Winterswijk\",\"url\":\"https:\\\/\\\/museumfabriekwinterswijk.nl\\\/de\\\/\",\"logo\":{\"@type\":\"ImageObject\",\"inLanguage\":\"de\",\"@id\":\"https:\\\/\\\/museumfabriekwinterswijk.nl\\\/de\\\/#\\\/schema\\\/logo\\\/image\\\/\",\"url\":\"https:\\\/\\\/museumfabriekwinterswijk.nl\\\/wp-content\\\/uploads\\\/2024\\\/07\\\/cropped-logo-Museum-Fabriek.jpg\",\"contentUrl\":\"https:\\\/\\\/museumfabriekwinterswijk.nl\\\/wp-content\\\/uploads\\\/2024\\\/07\\\/cropped-logo-Museum-Fabriek.jpg\",\"width\":1059,\"height\":1059,\"caption\":\"MuseumFabriek Winterswijk\"},\"image\":{\"@id\":\"https:\\\/\\\/museumfabriekwinterswijk.nl\\\/de\\\/#\\\/schema\\\/logo\\\/image\\\/\"}}]}<\/script>\n<!-- \/ Yoast SEO plugin. -->","yoast_head_json":{"title":"Kleidung und Trachtenhauben - MuseumFabriek Winterswijk","description":"Das MuseumFabriek Winterswijk beherbergt eine Ausstellung von Kleidern und Kleidung und Trachtenhauben, die in der Winterswijker Tracht getragen werden.","robots":{"index":"index","follow":"follow","max-snippet":"max-snippet:-1","max-image-preview":"max-image-preview:large","max-video-preview":"max-video-preview:-1"},"canonical":"https:\/\/museumfabriekwinterswijk.nl\/de\/ausstellungen\/kleidung-und-kleidung-und-trachtenhauben\/","og_locale":"de_DE","og_type":"article","og_title":"Kleidung und Trachtenhauben - MuseumFabriek Winterswijk","og_description":"Das MuseumFabriek Winterswijk beherbergt eine Ausstellung von Kleidern und Kleidung und Trachtenhauben, die in der Winterswijker Tracht getragen werden.","og_url":"https:\/\/museumfabriekwinterswijk.nl\/de\/ausstellungen\/kleidung-und-kleidung-und-trachtenhauben\/","og_site_name":"MuseumFabriek Winterswijk","article_modified_time":"2025-02-03T11:15:46+00:00","og_image":[{"width":507,"height":620,"url":"https:\/\/museumfabriekwinterswijk.nl\/wp-content\/uploads\/2024\/12\/mevr-Droppers.jpg","type":"image\/jpeg"}],"twitter_card":"summary_large_image","schema":{"@context":"https:\/\/schema.org","@graph":[{"@type":"WebPage","@id":"https:\/\/museumfabriekwinterswijk.nl\/de\/ausstellungen\/kleidung-und-kleidung-und-trachtenhauben\/","url":"https:\/\/museumfabriekwinterswijk.nl\/de\/ausstellungen\/kleidung-und-kleidung-und-trachtenhauben\/","name":"Kleidung und Trachtenhauben - MuseumFabriek Winterswijk","isPartOf":{"@id":"https:\/\/museumfabriekwinterswijk.nl\/de\/#website"},"primaryImageOfPage":{"@id":"https:\/\/museumfabriekwinterswijk.nl\/de\/ausstellungen\/kleidung-und-kleidung-und-trachtenhauben\/#primaryimage"},"image":{"@id":"https:\/\/museumfabriekwinterswijk.nl\/de\/ausstellungen\/kleidung-und-kleidung-und-trachtenhauben\/#primaryimage"},"thumbnailUrl":"https:\/\/museumfabriekwinterswijk.nl\/wp-content\/uploads\/2024\/12\/mevr-Droppers-245x300.jpg","datePublished":"2024-12-13T15:03:40+00:00","dateModified":"2025-02-03T11:15:46+00:00","description":"Das MuseumFabriek Winterswijk beherbergt eine Ausstellung von Kleidern und Kleidung und Trachtenhauben, die in der Winterswijker Tracht getragen werden.","breadcrumb":{"@id":"https:\/\/museumfabriekwinterswijk.nl\/de\/ausstellungen\/kleidung-und-kleidung-und-trachtenhauben\/#breadcrumb"},"inLanguage":"de","potentialAction":[{"@type":"ReadAction","target":["https:\/\/museumfabriekwinterswijk.nl\/de\/ausstellungen\/kleidung-und-kleidung-und-trachtenhauben\/"]}]},{"@type":"ImageObject","inLanguage":"de","@id":"https:\/\/museumfabriekwinterswijk.nl\/de\/ausstellungen\/kleidung-und-kleidung-und-trachtenhauben\/#primaryimage","url":"https:\/\/museumfabriekwinterswijk.nl\/wp-content\/uploads\/2024\/12\/mevr-Droppers-245x300.jpg","contentUrl":"https:\/\/museumfabriekwinterswijk.nl\/wp-content\/uploads\/2024\/12\/mevr-Droppers-245x300.jpg"},{"@type":"BreadcrumbList","@id":"https:\/\/museumfabriekwinterswijk.nl\/de\/ausstellungen\/kleidung-und-kleidung-und-trachtenhauben\/#breadcrumb","itemListElement":[{"@type":"ListItem","position":1,"name":"Home","item":"https:\/\/museumfabriekwinterswijk.nl\/de\/"},{"@type":"ListItem","position":2,"name":"Ausstellungen","item":"https:\/\/museumfabriekwinterswijk.nl\/de\/ausstellungen\/"},{"@type":"ListItem","position":3,"name":"Kleidung und Trachtenhauben"}]},{"@type":"WebSite","@id":"https:\/\/museumfabriekwinterswijk.nl\/de\/#website","url":"https:\/\/museumfabriekwinterswijk.nl\/de\/","name":"MuseumFabriek Winterswijk","description":"de schatkamer van Winterswijk","publisher":{"@id":"https:\/\/museumfabriekwinterswijk.nl\/de\/#organization"},"potentialAction":[{"@type":"SearchAction","target":{"@type":"EntryPoint","urlTemplate":"https:\/\/museumfabriekwinterswijk.nl\/de\/?s={search_term_string}"},"query-input":{"@type":"PropertyValueSpecification","valueRequired":true,"valueName":"search_term_string"}}],"inLanguage":"de"},{"@type":"Organization","@id":"https:\/\/museumfabriekwinterswijk.nl\/de\/#organization","name":"MuseumFabriek Winterswijk","url":"https:\/\/museumfabriekwinterswijk.nl\/de\/","logo":{"@type":"ImageObject","inLanguage":"de","@id":"https:\/\/museumfabriekwinterswijk.nl\/de\/#\/schema\/logo\/image\/","url":"https:\/\/museumfabriekwinterswijk.nl\/wp-content\/uploads\/2024\/07\/cropped-logo-Museum-Fabriek.jpg","contentUrl":"https:\/\/museumfabriekwinterswijk.nl\/wp-content\/uploads\/2024\/07\/cropped-logo-Museum-Fabriek.jpg","width":1059,"height":1059,"caption":"MuseumFabriek Winterswijk"},"image":{"@id":"https:\/\/museumfabriekwinterswijk.nl\/de\/#\/schema\/logo\/image\/"}}]}},"_links":{"self":[{"href":"https:\/\/museumfabriekwinterswijk.nl\/de\/wp-json\/wp\/v2\/pages\/1772","targetHints":{"allow":["GET"]}}],"collection":[{"href":"https:\/\/museumfabriekwinterswijk.nl\/de\/wp-json\/wp\/v2\/pages"}],"about":[{"href":"https:\/\/museumfabriekwinterswijk.nl\/de\/wp-json\/wp\/v2\/types\/page"}],"author":[{"embeddable":true,"href":"https:\/\/museumfabriekwinterswijk.nl\/de\/wp-json\/wp\/v2\/users\/2"}],"replies":[{"embeddable":true,"href":"https:\/\/museumfabriekwinterswijk.nl\/de\/wp-json\/wp\/v2\/comments?post=1772"}],"version-history":[{"count":3,"href":"https:\/\/museumfabriekwinterswijk.nl\/de\/wp-json\/wp\/v2\/pages\/1772\/revisions"}],"predecessor-version":[{"id":1926,"href":"https:\/\/museumfabriekwinterswijk.nl\/de\/wp-json\/wp\/v2\/pages\/1772\/revisions\/1926"}],"up":[{"embeddable":true,"href":"https:\/\/museumfabriekwinterswijk.nl\/de\/wp-json\/wp\/v2\/pages\/1766"}],"wp:attachment":[{"href":"https:\/\/museumfabriekwinterswijk.nl\/de\/wp-json\/wp\/v2\/media?parent=1772"}],"curies":[{"name":"wp","href":"https:\/\/api.w.org\/{rel}","templated":true}]}}