{"id":1837,"date":"2024-07-30T10:03:39","date_gmt":"2024-07-30T10:03:39","guid":{"rendered":"https:\/\/museumfabriekwinterswijk.nl\/vereinigung\/"},"modified":"2026-04-15T09:04:28","modified_gmt":"2026-04-15T09:04:28","slug":"verein","status":"publish","type":"page","link":"https:\/\/museumfabriekwinterswijk.nl\/de\/verein\/","title":{"rendered":"Verein"},"content":{"rendered":"\n<p>Die &#8222;<em>MuseumFabriek<\/em>&#8220; ist mehr als nur ein Museum. <br>Wir sind der sichtbare Ausdruck von &#8222;<em>Vereniging Het Museum<\/em>&#8222;, einem Verein, der sich seit vielen Jahren f\u00fcr die Bewahrung und Vermittlung der Geschichte von Winterswijk einsetzt.<\/p>\n\n\n\n<div style=\"height:3rem\" aria-hidden=\"true\" class=\"wp-block-spacer\"><\/div>\n\n\n<\/section>\n\n\n    <section id=\"werkgroep\" class=\"u-clearfix u-palette-4-base u-section-5 no-slider\">\n        <div class=\"u-clearfix u-sheet u-valign-middle-md u-valign-middle-sm u-valign-middle-xs u-sheet-1\">\n            <h2 class=\"u-text u-text-1\">Arbeitsgruppen und historische Informationen<\/h2>\n                        <div class=\"data-layout-selected u-clearfix u-expanded-width u-layout-wrap u-layout-wrap-1\">\n                <div class=\"u-gutter-0 u-layout\">\n                <div class=\"u-layout-row\">\n                    <div class=\"u-container-style u-layout-cell u-size-60 u-layout-cell-1\">\n                        <div class=\"u-repeater u-repeater-1\">\n                                                        <a href=\"https:\/\/museumfabriekwinterswijk.nl\/de\/verein\/historischer-information-punkt\/\" class=\"u-align-left u-container-style u-list-item u-repeater-item\">\n                                <div class=\"u-container-layout u-similar-container u-container-layout-2\">\n                                    <img decoding=\"async\" class=\"u-image u-image-default u-image-1\" src=\"https:\/\/museumfabriekwinterswijk.nl\/wp-content\/uploads\/2024\/12\/HIP.jpg\" alt=\"\" data-image-width=\"2561\" data-image-height=\"1183\">\n                                    <div class=\"u-container-style u-expanded-width u-group u-white u-group-1\">\n                                        <div class=\"u-container-layout u-valign-top u-container-layout-3\">\n                                            <h4 class=\"u-text u-text-default u-text-3\">Historischer Information Punkt<\/h4>\n                                            <p class=\"u-text u-text-4\">Der Historische Information Punkt (HIP) ist eine Fundgrube f\u00fcr Dokumentationen \u00fcber Winterswijk f\u00fcr Ihre Nachforschungen \u00fcber die Vergangenheit.<\/p>\n                                        <\/div>\n                                    <\/div>\n                                <\/div>\n                            <\/a>\n                                                        <a href=\"https:\/\/museumfabriekwinterswijk.nl\/de\/verein\/sprechende-geschichte\/\" class=\"u-align-left u-container-style u-list-item u-repeater-item\">\n                                <div class=\"u-container-layout u-similar-container u-container-layout-2\">\n                                    <img decoding=\"async\" class=\"u-image u-image-default u-image-1\" src=\"https:\/\/museumfabriekwinterswijk.nl\/wp-content\/uploads\/2024\/11\/logo-goral-history-e1733069156620.png\" alt=\"\" data-image-width=\"2561\" data-image-height=\"1183\">\n                                    <div class=\"u-container-style u-expanded-width u-group u-white u-group-1\">\n                                        <div class=\"u-container-layout u-valign-top u-container-layout-3\">\n                                            <h4 class=\"u-text u-text-default u-text-3\">Geschichte im Gespr\u00e4ch<\/h4>\n                                            <p class=\"u-text u-text-4\">Die Arbeitsgruppe \u201eGeschichte im Gespr\u00e4ch\u201c zeichnet die Geschichten der Einwohner von Winterswijk in Interviews auf.<\/p>\n                                        <\/div>\n                                    <\/div>\n                                <\/div>\n                            <\/a>\n                                                        <a href=\"https:\/\/museumfabriekwinterswijk.nl\/de\/verein\/reminiszenz\/\" class=\"u-align-left u-container-style u-list-item u-repeater-item\">\n                                <div class=\"u-container-layout u-similar-container u-container-layout-2\">\n                                    <img decoding=\"async\" class=\"u-image u-image-default u-image-1\" src=\"https:\/\/museumfabriekwinterswijk.nl\/wp-content\/uploads\/2024\/11\/logo-reminicentie-e1733069176211.png\" alt=\"\" data-image-width=\"2561\" data-image-height=\"1183\">\n                                    <div class=\"u-container-style u-expanded-width u-group u-white u-group-1\">\n                                        <div class=\"u-container-layout u-valign-top u-container-layout-3\">\n                                            <h4 class=\"u-text u-text-default u-text-3\">Reminiszenz<\/h4>\n                                            <p class=\"u-text u-text-4\">Unter Reminiszenz versteht man das bewusste Abrufen von Erinnerungen durch Sinnesreize, die es uns erm\u00f6glichen, alte Erfahrungen wieder zu erleben.<\/p>\n                                        <\/div>\n                                    <\/div>\n                                <\/div>\n                            <\/a>\n                                                        <a href=\"https:\/\/museumfabriekwinterswijk.nl\/de\/verein\/transkription\/\" class=\"u-align-left u-container-style u-list-item u-repeater-item\">\n                                <div class=\"u-container-layout u-similar-container u-container-layout-2\">\n                                    <img decoding=\"async\" class=\"u-image u-image-default u-image-1\" src=\"https:\/\/museumfabriekwinterswijk.nl\/wp-content\/uploads\/2024\/11\/logo-transcriptie-e1733069195624.jpg\" alt=\"\" data-image-width=\"2561\" data-image-height=\"1183\">\n                                    <div class=\"u-container-style u-expanded-width u-group u-white u-group-1\">\n                                        <div class=\"u-container-layout u-valign-top u-container-layout-3\">\n                                            <h4 class=\"u-text u-text-default u-text-3\">Transkription<\/h4>\n                                            <p class=\"u-text u-text-4\">Die Arbeitsgruppe Transkription \u00fcbersetzt alte Handschriften in moderne und lesbare Schrift.<\/p>\n                                        <\/div>\n                                    <\/div>\n                                <\/div>\n                            <\/a>\n                                                        <a href=\"https:\/\/museumfabriekwinterswijk.nl\/de\/verein\/namen-von-bauernhoefen\/\" class=\"u-align-left u-container-style u-list-item u-repeater-item\">\n                                <div class=\"u-container-layout u-similar-container u-container-layout-2\">\n                                    <img decoding=\"async\" class=\"u-image u-image-default u-image-1\" src=\"https:\/\/museumfabriekwinterswijk.nl\/wp-content\/uploads\/2024\/11\/logo-boederij-e1733069214141.png\" alt=\"\" data-image-width=\"2561\" data-image-height=\"1183\">\n                                    <div class=\"u-container-style u-expanded-width u-group u-white u-group-1\">\n                                        <div class=\"u-container-layout u-valign-top u-container-layout-3\">\n                                            <h4 class=\"u-text u-text-default u-text-3\">Namen von Bauernh\u00f6fen<\/h4>\n                                            <p class=\"u-text u-text-4\">Unser Mitbewohner Jan Kuenen sammelt seit Jahren Daten \u00fcber die Randgebiete von Winterswijk. <\/p>\n                                        <\/div>\n                                    <\/div>\n                                <\/div>\n                            <\/a>\n                                                    <\/div>\n                    <\/div>\n                <\/div>\n            <\/div>\n        <\/div>\n    <\/section>\n\n\n\n<section class=\"u-sheet\">\n\n<\/section>\r\n\r\n<section class=\"u-clearfix u-section-header1 check u-palette-4-base\" id=\"section-block_eb54e70fd64e6bebb4a6098518304b43\">\r\n  <div class=\"u-clearfix u-sheet u-valign-top-lg u-valign-top-md u-valign-top-xl u-valign-top-xxl u-sheet-1\">\r\n    <div class=\"custom-expanded data-layout-selected shadow u-clearfix u-expanded-width-lg u-expanded-width-xl u-expanded-width-xxl u-gutter-0 u-layout-wrap u-layout-wrap-1\">\r\n      <div class=\"u-layout\">\r\n        <div class=\"u-layout-row\">\r\n          <div class=\"u-container-style u-layout-cell u-size-24-xl u-size-24-xxl u-size-25-lg u-size-60-md u-size-60-sm u-size-60-xs u-layout-cell-1 order-1\">\r\n            <div class=\"u-container-layout u-container-layout-1\">\r\n              <div class=\"u-container-style u-expanded-width u-group u-group-1\">\r\n                <div class=\"u-container-layout u-valign-middle u-container-layout-2\">\r\n                  <h2 class='u-text u-text-default u-text-1 has-large-font-size'>Was tun wir?<\/h2>                  <div class=\"u-text u-text-default u-text-2\"><p>Wir verwalten eine umfangreiche Sammlung, die ein einzigartiges Bild der Geschichte von Winterswijk vermittelt. Wir arbeiten auch an den folgenden Anwendungen:  <\/p>\n<ul>\n<li>Ausstellungen: Wir veranstalten regelm\u00e4\u00dfig spannende Ausstellungen zu verschiedenen historischen Themen.<\/li>\n<li>Aktivit\u00e4ten: Neben unserer st\u00e4ndigen Sammlung und wechselnden Ausstellungen f\u00fcr Besucher und Mitglieder bieten wir ein abwechslungsreiches Programm an Exkursionen, Radtouren und Vortr\u00e4gen f\u00fcr unsere Mitglieder.<\/li>\n<li>Ver\u00f6ffentlichungen: Unsere Mitglieder erhalten die Zeitschrift &#8222;Museum Nieuws&#8220; mit Artikeln und Geschichten \u00fcber die Geschichte von Winterswijk.<\/li>\n<li>Forschung: Unsere Freiwilligen erforschen die Vergangenheit unserer Region.<\/li>\n<li>Zug\u00e4nglichkeit: Unsere Arbeitsgruppe Transkription macht historische Quellen f\u00fcr alle zug\u00e4nglich.<\/li>\n<li>Zuh\u00f6ren: Unsere Arbeitsgruppe \u201eGeschichte im Gespr\u00e4ch\u201c zeichnet die m\u00fcndliche Geschichte \u00e4lterer Menschen auf, sowohl schriftlich als auch digital, damit die Stimme der Vergangenheit erhalten bleibt.<\/li>\n<li>Reminiszenz: Erinnerungen sind f\u00fcr \u00e4ltere Menschen wichtig, um zu kl\u00e4ren, wer und was sie sind.<\/li>\n<\/ul>\n<\/div>\r\n                                  <\/div>\r\n              <\/div>\r\n            <\/div>\r\n          <\/div>\r\n          <div class=\"u-container-style u-image u-layout-cell u-size-35-lg u-size-36-xl u-size-36-xxl u-size-60-md u-size-60-sm u-size-60-xs u-image-1 order-2\" data-image-width=\"2100\" data-image-height=\"1400\" style=\"background-image: url('https:\/\/museumfabriekwinterswijk.nl\/wp-content\/uploads\/2024\/12\/wandtapijt.jpg');\">\r\n            <div class=\"u-container-layout u-valign-bottom-lg u-valign-bottom-md u-valign-bottom-xs u-container-layout-3\"><\/div>\r\n          <\/div>\r\n        <\/div>\r\n      <\/div>\r\n    <\/div>\r\n  <\/div>\r\n<\/section>\r\n\r\n\r\n<section class=\"u-sheet\">\n\n\n<div style=\"height:3rem\" aria-hidden=\"true\" class=\"wp-block-spacer\"><\/div>\n\n\n\n<h2 class=\"wp-block-heading\">Warum gerade wir?<\/h2>\n\n\n\n<p>Die Geschichte von Winterswijk liegt uns am Herzen und wir finden es wichtig, dieses Wissen mit einem breiten Publikum zu teilen. Egal, ob Sie ein echter Geschichtsfan sind oder einfach nur neugierig auf die Vergangenheit sind, hier sind Sie an der richtigen Adresse. <\/p>\n\n\n\n<h2 class=\"wp-block-heading has-white-color has-color-4-background-color has-text-color has-background has-link-color wp-elements-d5832c757b0b6ff094453128bc4a4822\">Unterlagen<\/h2>\n\n\n\n<ul class=\"wp-block-list has-color-5-color has-color-3-background-color has-text-color has-background has-link-color wp-elements-39f394b54ecbe91a3426b845a7659ceb\">\n<li class=\"has-color-7-color has-text-color has-link-color wp-elements-9ae2569be4fdb2ed73a88daf697c7fed\"><a href=\"https:\/\/museumfabriekwinterswijk.nl\/wp-content\/uploads\/2026\/03\/Statuten-26-04-2022.pdf\" target=\"_blank\" rel=\"noreferrer noopener\">Statuten<\/a><\/li>\n\n\n\n<li class=\"has-color-7-color has-text-color has-link-color wp-elements-39d3112d78d3b09c3a89093f23123612\"><a href=\"https:\/\/museumfabriekwinterswijk.nl\/wp-content\/uploads\/2025\/07\/Definitief-Huishoudelijk-reglement-VHM-VASTGESTELD.pdf\" target=\"_blank\" rel=\"noreferrer noopener\">Verordnungen<\/a> (auf Niederl\u00e4ndisch)<\/li>\n<\/ul>\n\n\n\n<hr class=\"wp-block-separator has-alpha-channel-opacity\"\/>\n\n\n\n<h2 class=\"wp-block-heading\">Vorstand &#8222;Vereniging Het Museum&#8220;<\/h2>\n\n\n\n<div class=\"wp-block-columns is-layout-flex wp-container-core-columns-is-layout-9d6595d7 wp-block-columns-is-layout-flex\">\n<div class=\"wp-block-column is-layout-flow wp-block-column-is-layout-flow\">\n<p><strong>Pr\u00e4sident<\/strong><br>Herr Hans Floor <br><br><strong>Vizepr\u00e4sident<\/strong><br>Herr Sjoerd Kemeling<\/p>\n\n\n\n<p><strong>Schatzmeister<\/strong><br>Herr Ren\u00e9 Vielvoije<\/p>\n<\/div>\n\n\n\n<div class=\"wp-block-column is-layout-flow wp-block-column-is-layout-flow\">\n<p><strong>Sekretariat<\/strong><br>Frau Anja Geesink-Kuipers<\/p>\n\n\n\n<p><strong>Vorstandsmitglied<\/strong> <strong>PR<\/strong><br>Herr Stefan Tibben <\/p>\n\n\n\n<p><strong>Vorstandsmitglied<\/strong><br>Frau Trix van Ast<\/p>\n<\/div>\n\n\n\n<div class=\"wp-block-column is-layout-flow wp-block-column-is-layout-flow\">\n<p><strong>Vorstandsmitglied<\/strong><br>Herr Fons Catau <br><br><strong>Vorstandsmitglied<\/strong><br>Frau Kitty de Fauw<\/p>\n<\/div>\n<\/div>\n","protected":false},"excerpt":{"rendered":"<p>Die &#8222;MuseumFabriek&#8220; ist mehr als nur ein Museum. Wir sind der sichtbare Ausdruck von &#8222;Vereniging Het Museum&#8222;, einem Verein, der sich seit vielen Jahren f\u00fcr die Bewahrung und Vermittlung der Geschichte von Winterswijk einsetzt. Warum gerade wir? Die Geschichte von Winterswijk liegt uns am Herzen und wir finden es wichtig, dieses Wissen mit einem breiten [&hellip;]<\/p>\n","protected":false},"author":1,"featured_media":0,"parent":0,"menu_order":0,"comment_status":"closed","ping_status":"closed","template":"","meta":{"_acf_changed":false,"footnotes":""},"class_list":["post-1837","page","type-page","status-publish","hentry"],"acf":[],"yoast_head":"<!-- This site is optimized with the Yoast SEO plugin v27.5 - https:\/\/yoast.com\/product\/yoast-seo-wordpress\/ -->\n<title>Verein - MuseumFabriek Winterswijk<\/title>\n<meta name=\"description\" content=\"&quot;De Vereniging Het Museum&quot; in Winterswijk hat verschiedene Arbeitsgruppen, die sich aktiv mit der Geschichte von Winterswijk befassen.\" \/>\n<meta name=\"robots\" content=\"index, follow, max-snippet:-1, max-image-preview:large, max-video-preview:-1\" \/>\n<link rel=\"canonical\" href=\"https:\/\/museumfabriekwinterswijk.nl\/de\/verein\/\" \/>\n<meta property=\"og:locale\" content=\"de_DE\" \/>\n<meta property=\"og:type\" content=\"article\" \/>\n<meta property=\"og:title\" content=\"Verein - MuseumFabriek Winterswijk\" \/>\n<meta property=\"og:description\" content=\"&quot;De Vereniging Het Museum&quot; in Winterswijk hat verschiedene Arbeitsgruppen, die sich aktiv mit der Geschichte von Winterswijk befassen.\" \/>\n<meta property=\"og:url\" content=\"https:\/\/museumfabriekwinterswijk.nl\/de\/verein\/\" \/>\n<meta property=\"og:site_name\" content=\"MuseumFabriek Winterswijk\" \/>\n<meta property=\"article:modified_time\" content=\"2026-04-15T09:04:28+00:00\" \/>\n<meta name=\"twitter:card\" content=\"summary_large_image\" \/>\n<meta name=\"twitter:label1\" content=\"Gesch\u00e4tzte Lesezeit\" \/>\n\t<meta name=\"twitter:data1\" content=\"3\u00a0Minute\" \/>\n<script type=\"application\/ld+json\" class=\"yoast-schema-graph\">{\"@context\":\"https:\\\/\\\/schema.org\",\"@graph\":[{\"@type\":\"WebPage\",\"@id\":\"https:\\\/\\\/museumfabriekwinterswijk.nl\\\/de\\\/verein\\\/\",\"url\":\"https:\\\/\\\/museumfabriekwinterswijk.nl\\\/de\\\/verein\\\/\",\"name\":\"Verein - MuseumFabriek Winterswijk\",\"isPartOf\":{\"@id\":\"https:\\\/\\\/museumfabriekwinterswijk.nl\\\/de\\\/#website\"},\"datePublished\":\"2024-07-30T10:03:39+00:00\",\"dateModified\":\"2026-04-15T09:04:28+00:00\",\"description\":\"\\\"De Vereniging Het Museum\\\" in Winterswijk hat verschiedene Arbeitsgruppen, die sich aktiv mit der Geschichte von Winterswijk befassen.\",\"breadcrumb\":{\"@id\":\"https:\\\/\\\/museumfabriekwinterswijk.nl\\\/de\\\/verein\\\/#breadcrumb\"},\"inLanguage\":\"de\",\"potentialAction\":[{\"@type\":\"ReadAction\",\"target\":[\"https:\\\/\\\/museumfabriekwinterswijk.nl\\\/de\\\/verein\\\/\"]}]},{\"@type\":\"BreadcrumbList\",\"@id\":\"https:\\\/\\\/museumfabriekwinterswijk.nl\\\/de\\\/verein\\\/#breadcrumb\",\"itemListElement\":[{\"@type\":\"ListItem\",\"position\":1,\"name\":\"Home\",\"item\":\"https:\\\/\\\/museumfabriekwinterswijk.nl\\\/de\\\/\"},{\"@type\":\"ListItem\",\"position\":2,\"name\":\"Verein\"}]},{\"@type\":\"WebSite\",\"@id\":\"https:\\\/\\\/museumfabriekwinterswijk.nl\\\/de\\\/#website\",\"url\":\"https:\\\/\\\/museumfabriekwinterswijk.nl\\\/de\\\/\",\"name\":\"MuseumFabriek Winterswijk\",\"description\":\"de schatkamer van Winterswijk\",\"publisher\":{\"@id\":\"https:\\\/\\\/museumfabriekwinterswijk.nl\\\/de\\\/#organization\"},\"potentialAction\":[{\"@type\":\"SearchAction\",\"target\":{\"@type\":\"EntryPoint\",\"urlTemplate\":\"https:\\\/\\\/museumfabriekwinterswijk.nl\\\/de\\\/?s={search_term_string}\"},\"query-input\":{\"@type\":\"PropertyValueSpecification\",\"valueRequired\":true,\"valueName\":\"search_term_string\"}}],\"inLanguage\":\"de\"},{\"@type\":\"Organization\",\"@id\":\"https:\\\/\\\/museumfabriekwinterswijk.nl\\\/de\\\/#organization\",\"name\":\"MuseumFabriek Winterswijk\",\"url\":\"https:\\\/\\\/museumfabriekwinterswijk.nl\\\/de\\\/\",\"logo\":{\"@type\":\"ImageObject\",\"inLanguage\":\"de\",\"@id\":\"https:\\\/\\\/museumfabriekwinterswijk.nl\\\/de\\\/#\\\/schema\\\/logo\\\/image\\\/\",\"url\":\"https:\\\/\\\/museumfabriekwinterswijk.nl\\\/wp-content\\\/uploads\\\/2024\\\/07\\\/cropped-logo-Museum-Fabriek.jpg\",\"contentUrl\":\"https:\\\/\\\/museumfabriekwinterswijk.nl\\\/wp-content\\\/uploads\\\/2024\\\/07\\\/cropped-logo-Museum-Fabriek.jpg\",\"width\":1059,\"height\":1059,\"caption\":\"MuseumFabriek Winterswijk\"},\"image\":{\"@id\":\"https:\\\/\\\/museumfabriekwinterswijk.nl\\\/de\\\/#\\\/schema\\\/logo\\\/image\\\/\"}}]}<\/script>\n<!-- \/ Yoast SEO plugin. -->","yoast_head_json":{"title":"Verein - MuseumFabriek Winterswijk","description":"\"De Vereniging Het Museum\" in Winterswijk hat verschiedene Arbeitsgruppen, die sich aktiv mit der Geschichte von Winterswijk befassen.","robots":{"index":"index","follow":"follow","max-snippet":"max-snippet:-1","max-image-preview":"max-image-preview:large","max-video-preview":"max-video-preview:-1"},"canonical":"https:\/\/museumfabriekwinterswijk.nl\/de\/verein\/","og_locale":"de_DE","og_type":"article","og_title":"Verein - MuseumFabriek Winterswijk","og_description":"\"De Vereniging Het Museum\" in Winterswijk hat verschiedene Arbeitsgruppen, die sich aktiv mit der Geschichte von Winterswijk befassen.","og_url":"https:\/\/museumfabriekwinterswijk.nl\/de\/verein\/","og_site_name":"MuseumFabriek Winterswijk","article_modified_time":"2026-04-15T09:04:28+00:00","twitter_card":"summary_large_image","twitter_misc":{"Gesch\u00e4tzte Lesezeit":"3\u00a0Minute"},"schema":{"@context":"https:\/\/schema.org","@graph":[{"@type":"WebPage","@id":"https:\/\/museumfabriekwinterswijk.nl\/de\/verein\/","url":"https:\/\/museumfabriekwinterswijk.nl\/de\/verein\/","name":"Verein - MuseumFabriek Winterswijk","isPartOf":{"@id":"https:\/\/museumfabriekwinterswijk.nl\/de\/#website"},"datePublished":"2024-07-30T10:03:39+00:00","dateModified":"2026-04-15T09:04:28+00:00","description":"\"De Vereniging Het Museum\" in Winterswijk hat verschiedene Arbeitsgruppen, die sich aktiv mit der Geschichte von Winterswijk befassen.","breadcrumb":{"@id":"https:\/\/museumfabriekwinterswijk.nl\/de\/verein\/#breadcrumb"},"inLanguage":"de","potentialAction":[{"@type":"ReadAction","target":["https:\/\/museumfabriekwinterswijk.nl\/de\/verein\/"]}]},{"@type":"BreadcrumbList","@id":"https:\/\/museumfabriekwinterswijk.nl\/de\/verein\/#breadcrumb","itemListElement":[{"@type":"ListItem","position":1,"name":"Home","item":"https:\/\/museumfabriekwinterswijk.nl\/de\/"},{"@type":"ListItem","position":2,"name":"Verein"}]},{"@type":"WebSite","@id":"https:\/\/museumfabriekwinterswijk.nl\/de\/#website","url":"https:\/\/museumfabriekwinterswijk.nl\/de\/","name":"MuseumFabriek Winterswijk","description":"de schatkamer van Winterswijk","publisher":{"@id":"https:\/\/museumfabriekwinterswijk.nl\/de\/#organization"},"potentialAction":[{"@type":"SearchAction","target":{"@type":"EntryPoint","urlTemplate":"https:\/\/museumfabriekwinterswijk.nl\/de\/?s={search_term_string}"},"query-input":{"@type":"PropertyValueSpecification","valueRequired":true,"valueName":"search_term_string"}}],"inLanguage":"de"},{"@type":"Organization","@id":"https:\/\/museumfabriekwinterswijk.nl\/de\/#organization","name":"MuseumFabriek Winterswijk","url":"https:\/\/museumfabriekwinterswijk.nl\/de\/","logo":{"@type":"ImageObject","inLanguage":"de","@id":"https:\/\/museumfabriekwinterswijk.nl\/de\/#\/schema\/logo\/image\/","url":"https:\/\/museumfabriekwinterswijk.nl\/wp-content\/uploads\/2024\/07\/cropped-logo-Museum-Fabriek.jpg","contentUrl":"https:\/\/museumfabriekwinterswijk.nl\/wp-content\/uploads\/2024\/07\/cropped-logo-Museum-Fabriek.jpg","width":1059,"height":1059,"caption":"MuseumFabriek Winterswijk"},"image":{"@id":"https:\/\/museumfabriekwinterswijk.nl\/de\/#\/schema\/logo\/image\/"}}]}},"_links":{"self":[{"href":"https:\/\/museumfabriekwinterswijk.nl\/de\/wp-json\/wp\/v2\/pages\/1837","targetHints":{"allow":["GET"]}}],"collection":[{"href":"https:\/\/museumfabriekwinterswijk.nl\/de\/wp-json\/wp\/v2\/pages"}],"about":[{"href":"https:\/\/museumfabriekwinterswijk.nl\/de\/wp-json\/wp\/v2\/types\/page"}],"author":[{"embeddable":true,"href":"https:\/\/museumfabriekwinterswijk.nl\/de\/wp-json\/wp\/v2\/users\/1"}],"replies":[{"embeddable":true,"href":"https:\/\/museumfabriekwinterswijk.nl\/de\/wp-json\/wp\/v2\/comments?post=1837"}],"version-history":[{"count":2,"href":"https:\/\/museumfabriekwinterswijk.nl\/de\/wp-json\/wp\/v2\/pages\/1837\/revisions"}],"predecessor-version":[{"id":3167,"href":"https:\/\/museumfabriekwinterswijk.nl\/de\/wp-json\/wp\/v2\/pages\/1837\/revisions\/3167"}],"wp:attachment":[{"href":"https:\/\/museumfabriekwinterswijk.nl\/de\/wp-json\/wp\/v2\/media?parent=1837"}],"curies":[{"name":"wp","href":"https:\/\/api.w.org\/{rel}","templated":true}]}}