{"id":2126,"date":"2025-03-11T11:22:08","date_gmt":"2025-03-11T11:22:08","guid":{"rendered":"https:\/\/museumfabriekwinterswijk.nl\/?page_id=2126"},"modified":"2025-03-11T11:57:34","modified_gmt":"2025-03-11T11:57:34","slug":"zweiter-weltkrieg-2","status":"publish","type":"page","link":"https:\/\/museumfabriekwinterswijk.nl\/de\/ausstellungen\/zweiter-weltkrieg-2\/","title":{"rendered":"Meine Jugend im Krieg."},"content":{"rendered":"\n<div class=\"wp-block-columns is-layout-flex wp-container-core-columns-is-layout-9d6595d7 wp-block-columns-is-layout-flex\">\n<div class=\"wp-block-column is-layout-flow wp-block-column-is-layout-flow\">\n<p>Ab Ende M\u00e4rz 2025 im MuseumFabriek in Winterswijk zu sehen: die Ausstellung Meine Jugend im Krieg.<\/p>\n\n\n\n<p>Vor achtzig Jahren endete der Zweite Weltkrieg und f\u00fcr uns begann eine Zeit des Friedens und der Freiheit. Der Krieg scheint lange her zu sein, aber ist das wirklich so?<\/p>\n\n\n\n<p>Die Ausstellung Meine Jugend im Krieg ist gef\u00fcllt mit lebendigen Erinnerungen von Winterswijkern, die den Zweiten Weltkrieg als Kinder oder Jugendliche erlebt haben. Erinnerungen an den Beginn des Krieges, an den Feind, an einen verschwundenen Klassenkameraden, an eine Zeit des Versteckens, an den Widerstand und vieles mehr. F\u00fcr die Winterswijker, die davon erz\u00e4hlten, war es, als sei es gestern passiert.<br>Die Geschichte der Zerst\u00f6rung fast der gesamten j\u00fcdischen Gemeinde und anderer Winterswijker.<\/p>\n\n\n\n<p><\/p>\n\n\n\n<p><\/p>\n<\/div>\n\n\n\n<div class=\"wp-block-column is-layout-flow wp-block-column-is-layout-flow\" style=\"flex-basis:450px\">\n<figure class=\"wp-block-gallery has-nested-images columns-default is-cropped wp-block-gallery-1 is-layout-flex wp-block-gallery-is-layout-flex\">\n<figure class=\"wp-block-image size-medium\"><a href=\"https:\/\/museumfabriekwinterswijk.nl\/wp-content\/uploads\/2025\/03\/kind-in-oorlog.jpg\" data-rel=\"lightbox-gallery-mMDEgGxk\" data-rl_title=\"\" data-rl_caption=\"\" title=\"\"><img loading=\"lazy\" decoding=\"async\" width=\"220\" height=\"300\" data-id=\"2129\" src=\"https:\/\/museumfabriekwinterswijk.nl\/wp-content\/uploads\/2025\/03\/kind-in-oorlog-220x300.jpg\" alt=\"\" class=\"wp-image-2129\" srcset=\"https:\/\/museumfabriekwinterswijk.nl\/wp-content\/uploads\/2025\/03\/kind-in-oorlog-220x300.jpg 220w, https:\/\/museumfabriekwinterswijk.nl\/wp-content\/uploads\/2025\/03\/kind-in-oorlog-300x410.jpg 300w, https:\/\/museumfabriekwinterswijk.nl\/wp-content\/uploads\/2025\/03\/kind-in-oorlog-64x87.jpg 64w, https:\/\/museumfabriekwinterswijk.nl\/wp-content\/uploads\/2025\/03\/kind-in-oorlog.jpg 439w\" sizes=\"auto, (max-width: 220px) 100vw, 220px\" \/><\/a><\/figure>\n\n\n\n<figure class=\"wp-block-image size-medium\"><a href=\"https:\/\/museumfabriekwinterswijk.nl\/wp-content\/uploads\/2025\/03\/kind-in-oorlog2.jpg\" data-rel=\"lightbox-gallery-mMDEgGxk\" data-rl_title=\"\" data-rl_caption=\"\" title=\"\"><img loading=\"lazy\" decoding=\"async\" width=\"300\" height=\"226\" data-id=\"2131\" src=\"https:\/\/museumfabriekwinterswijk.nl\/wp-content\/uploads\/2025\/03\/kind-in-oorlog2-300x226.jpg\" alt=\"\" class=\"wp-image-2131\" srcset=\"https:\/\/museumfabriekwinterswijk.nl\/wp-content\/uploads\/2025\/03\/kind-in-oorlog2-300x226.jpg 300w, https:\/\/museumfabriekwinterswijk.nl\/wp-content\/uploads\/2025\/03\/kind-in-oorlog2-600x452.jpg 600w, https:\/\/museumfabriekwinterswijk.nl\/wp-content\/uploads\/2025\/03\/kind-in-oorlog2-64x48.jpg 64w, https:\/\/museumfabriekwinterswijk.nl\/wp-content\/uploads\/2025\/03\/kind-in-oorlog2-768x578.jpg 768w, https:\/\/museumfabriekwinterswijk.nl\/wp-content\/uploads\/2025\/03\/kind-in-oorlog2.jpg 797w\" sizes=\"auto, (max-width: 300px) 100vw, 300px\" \/><\/a><\/figure>\n<\/figure>\n\n\n\n<div class=\"wp-block-group has-white-color has-color-1-background-color has-text-color has-background has-link-color wp-elements-8c2455527315e49030e66fea61edcda9\"><div class=\"wp-block-group__inner-container is-layout-constrained wp-block-group-is-layout-constrained\">\n<p>Die Ausstellung wurde von der Arbeitsgruppe \u201eSprechende Geschichte\u201c zusammengestellt. Der Inhalt ist abgestimmt auf die Dauerausstellung mit Bildern und Geschichten \u00fcber den Zweiten Weltkrieg, die im Obergeschoss der Museumsfabrik eingerichtet wurde, und auf das Unterrichtspaket Winterswijk in der Kriegszeit 1940-1945, eine Publikation von Ondernemen met Cultuur Winterswijk f\u00fcr die oberen Klassen der Grundschulen in Winterswijk.<\/p>\n\n\n\n<p>F\u00fcr eine Reihe von Erinnerungen wurden Illustrationen angefertigt, w\u00e4hrend andere Informationen mit bisher ungesehenem Bildmaterial geliefert werden. Au\u00dferdem gibt es einen interaktiven Touchscreen mit Filmmaterial und eine Vitrine mit Gegenst\u00e4nden aus dieser turbulenten Zeit, und Sie k\u00f6nnen einiges selbst erleben!<br><\/p>\n<\/div><\/div>\n<\/div>\n<\/div>\n\n\n\n<p class=\"has-text-align-left\">Besuchen Sie die Ausstellung in der MuseumFabriek!<\/p>\n\n\n\n<p><\/p>\n\n\n\n<div style=\"height:100px\" aria-hidden=\"true\" class=\"wp-block-spacer\"><\/div>\n","protected":false},"excerpt":{"rendered":"<p>Ab Ende M\u00e4rz 2025 im MuseumFabriek in Winterswijk zu sehen: die Ausstellung Meine Jugend im Krieg. Vor achtzig Jahren endete der Zweite Weltkrieg und f\u00fcr uns begann eine Zeit des Friedens und der Freiheit. Der Krieg scheint lange her zu sein, aber ist das wirklich so? Die Ausstellung Meine Jugend im Krieg ist gef\u00fcllt mit [&hellip;]<\/p>\n","protected":false},"author":2,"featured_media":0,"parent":1766,"menu_order":0,"comment_status":"closed","ping_status":"closed","template":"","meta":{"_acf_changed":false,"footnotes":""},"class_list":["post-2126","page","type-page","status-publish","hentry"],"acf":[],"yoast_head":"<!-- This site is optimized with the Yoast SEO plugin v27.5 - https:\/\/yoast.com\/product\/yoast-seo-wordpress\/ -->\n<title>Meine Jugend im Krieg. - MuseumFabriek Winterswijk<\/title>\n<meta name=\"robots\" content=\"index, follow, max-snippet:-1, max-image-preview:large, max-video-preview:-1\" \/>\n<link rel=\"canonical\" href=\"https:\/\/museumfabriekwinterswijk.nl\/de\/ausstellungen\/zweiter-weltkrieg-2\/\" \/>\n<meta property=\"og:locale\" content=\"de_DE\" \/>\n<meta property=\"og:type\" content=\"article\" \/>\n<meta property=\"og:title\" content=\"Meine Jugend im Krieg. - MuseumFabriek Winterswijk\" \/>\n<meta property=\"og:description\" content=\"Ab Ende M\u00e4rz 2025 im MuseumFabriek in Winterswijk zu sehen: die Ausstellung Meine Jugend im Krieg. Vor achtzig Jahren endete der Zweite Weltkrieg und f\u00fcr uns begann eine Zeit des Friedens und der Freiheit. Der Krieg scheint lange her zu sein, aber ist das wirklich so? Die Ausstellung Meine Jugend im Krieg ist gef\u00fcllt mit [&hellip;]\" \/>\n<meta property=\"og:url\" content=\"https:\/\/museumfabriekwinterswijk.nl\/de\/ausstellungen\/zweiter-weltkrieg-2\/\" \/>\n<meta property=\"og:site_name\" content=\"MuseumFabriek Winterswijk\" \/>\n<meta property=\"article:modified_time\" content=\"2025-03-11T11:57:34+00:00\" \/>\n<meta property=\"og:image\" content=\"https:\/\/museumfabriekwinterswijk.nl\/wp-content\/uploads\/2025\/03\/kind-in-oorlog.jpg\" \/>\n\t<meta property=\"og:image:width\" content=\"439\" \/>\n\t<meta property=\"og:image:height\" content=\"600\" \/>\n\t<meta property=\"og:image:type\" content=\"image\/jpeg\" \/>\n<meta name=\"twitter:card\" content=\"summary_large_image\" \/>\n<meta name=\"twitter:label1\" content=\"Gesch\u00e4tzte Lesezeit\" \/>\n\t<meta name=\"twitter:data1\" content=\"2\u00a0Minute\" \/>\n<script type=\"application\/ld+json\" class=\"yoast-schema-graph\">{\"@context\":\"https:\\\/\\\/schema.org\",\"@graph\":[{\"@type\":\"WebPage\",\"@id\":\"https:\\\/\\\/museumfabriekwinterswijk.nl\\\/de\\\/ausstellungen\\\/zweiter-weltkrieg-2\\\/\",\"url\":\"https:\\\/\\\/museumfabriekwinterswijk.nl\\\/de\\\/ausstellungen\\\/zweiter-weltkrieg-2\\\/\",\"name\":\"Meine Jugend im Krieg. - MuseumFabriek Winterswijk\",\"isPartOf\":{\"@id\":\"https:\\\/\\\/museumfabriekwinterswijk.nl\\\/de\\\/#website\"},\"primaryImageOfPage\":{\"@id\":\"https:\\\/\\\/museumfabriekwinterswijk.nl\\\/de\\\/ausstellungen\\\/zweiter-weltkrieg-2\\\/#primaryimage\"},\"image\":{\"@id\":\"https:\\\/\\\/museumfabriekwinterswijk.nl\\\/de\\\/ausstellungen\\\/zweiter-weltkrieg-2\\\/#primaryimage\"},\"thumbnailUrl\":\"https:\\\/\\\/museumfabriekwinterswijk.nl\\\/wp-content\\\/uploads\\\/2025\\\/03\\\/kind-in-oorlog-220x300.jpg\",\"datePublished\":\"2025-03-11T11:22:08+00:00\",\"dateModified\":\"2025-03-11T11:57:34+00:00\",\"breadcrumb\":{\"@id\":\"https:\\\/\\\/museumfabriekwinterswijk.nl\\\/de\\\/ausstellungen\\\/zweiter-weltkrieg-2\\\/#breadcrumb\"},\"inLanguage\":\"de\",\"potentialAction\":[{\"@type\":\"ReadAction\",\"target\":[\"https:\\\/\\\/museumfabriekwinterswijk.nl\\\/de\\\/ausstellungen\\\/zweiter-weltkrieg-2\\\/\"]}]},{\"@type\":\"ImageObject\",\"inLanguage\":\"de\",\"@id\":\"https:\\\/\\\/museumfabriekwinterswijk.nl\\\/de\\\/ausstellungen\\\/zweiter-weltkrieg-2\\\/#primaryimage\",\"url\":\"https:\\\/\\\/museumfabriekwinterswijk.nl\\\/wp-content\\\/uploads\\\/2025\\\/03\\\/kind-in-oorlog-220x300.jpg\",\"contentUrl\":\"https:\\\/\\\/museumfabriekwinterswijk.nl\\\/wp-content\\\/uploads\\\/2025\\\/03\\\/kind-in-oorlog-220x300.jpg\"},{\"@type\":\"BreadcrumbList\",\"@id\":\"https:\\\/\\\/museumfabriekwinterswijk.nl\\\/de\\\/ausstellungen\\\/zweiter-weltkrieg-2\\\/#breadcrumb\",\"itemListElement\":[{\"@type\":\"ListItem\",\"position\":1,\"name\":\"Home\",\"item\":\"https:\\\/\\\/museumfabriekwinterswijk.nl\\\/de\\\/\"},{\"@type\":\"ListItem\",\"position\":2,\"name\":\"Ausstellungen\",\"item\":\"https:\\\/\\\/museumfabriekwinterswijk.nl\\\/de\\\/ausstellungen\\\/\"},{\"@type\":\"ListItem\",\"position\":3,\"name\":\"Meine Jugend im Krieg.\"}]},{\"@type\":\"WebSite\",\"@id\":\"https:\\\/\\\/museumfabriekwinterswijk.nl\\\/de\\\/#website\",\"url\":\"https:\\\/\\\/museumfabriekwinterswijk.nl\\\/de\\\/\",\"name\":\"MuseumFabriek Winterswijk\",\"description\":\"de schatkamer van Winterswijk\",\"publisher\":{\"@id\":\"https:\\\/\\\/museumfabriekwinterswijk.nl\\\/de\\\/#organization\"},\"potentialAction\":[{\"@type\":\"SearchAction\",\"target\":{\"@type\":\"EntryPoint\",\"urlTemplate\":\"https:\\\/\\\/museumfabriekwinterswijk.nl\\\/de\\\/?s={search_term_string}\"},\"query-input\":{\"@type\":\"PropertyValueSpecification\",\"valueRequired\":true,\"valueName\":\"search_term_string\"}}],\"inLanguage\":\"de\"},{\"@type\":\"Organization\",\"@id\":\"https:\\\/\\\/museumfabriekwinterswijk.nl\\\/de\\\/#organization\",\"name\":\"MuseumFabriek Winterswijk\",\"url\":\"https:\\\/\\\/museumfabriekwinterswijk.nl\\\/de\\\/\",\"logo\":{\"@type\":\"ImageObject\",\"inLanguage\":\"de\",\"@id\":\"https:\\\/\\\/museumfabriekwinterswijk.nl\\\/de\\\/#\\\/schema\\\/logo\\\/image\\\/\",\"url\":\"https:\\\/\\\/museumfabriekwinterswijk.nl\\\/wp-content\\\/uploads\\\/2024\\\/07\\\/cropped-logo-Museum-Fabriek.jpg\",\"contentUrl\":\"https:\\\/\\\/museumfabriekwinterswijk.nl\\\/wp-content\\\/uploads\\\/2024\\\/07\\\/cropped-logo-Museum-Fabriek.jpg\",\"width\":1059,\"height\":1059,\"caption\":\"MuseumFabriek Winterswijk\"},\"image\":{\"@id\":\"https:\\\/\\\/museumfabriekwinterswijk.nl\\\/de\\\/#\\\/schema\\\/logo\\\/image\\\/\"}}]}<\/script>\n<!-- \/ Yoast SEO plugin. -->","yoast_head_json":{"title":"Meine Jugend im Krieg. - MuseumFabriek Winterswijk","robots":{"index":"index","follow":"follow","max-snippet":"max-snippet:-1","max-image-preview":"max-image-preview:large","max-video-preview":"max-video-preview:-1"},"canonical":"https:\/\/museumfabriekwinterswijk.nl\/de\/ausstellungen\/zweiter-weltkrieg-2\/","og_locale":"de_DE","og_type":"article","og_title":"Meine Jugend im Krieg. - MuseumFabriek Winterswijk","og_description":"Ab Ende M\u00e4rz 2025 im MuseumFabriek in Winterswijk zu sehen: die Ausstellung Meine Jugend im Krieg. Vor achtzig Jahren endete der Zweite Weltkrieg und f\u00fcr uns begann eine Zeit des Friedens und der Freiheit. Der Krieg scheint lange her zu sein, aber ist das wirklich so? Die Ausstellung Meine Jugend im Krieg ist gef\u00fcllt mit [&hellip;]","og_url":"https:\/\/museumfabriekwinterswijk.nl\/de\/ausstellungen\/zweiter-weltkrieg-2\/","og_site_name":"MuseumFabriek Winterswijk","article_modified_time":"2025-03-11T11:57:34+00:00","og_image":[{"width":439,"height":600,"url":"https:\/\/museumfabriekwinterswijk.nl\/wp-content\/uploads\/2025\/03\/kind-in-oorlog.jpg","type":"image\/jpeg"}],"twitter_card":"summary_large_image","twitter_misc":{"Gesch\u00e4tzte Lesezeit":"2\u00a0Minute"},"schema":{"@context":"https:\/\/schema.org","@graph":[{"@type":"WebPage","@id":"https:\/\/museumfabriekwinterswijk.nl\/de\/ausstellungen\/zweiter-weltkrieg-2\/","url":"https:\/\/museumfabriekwinterswijk.nl\/de\/ausstellungen\/zweiter-weltkrieg-2\/","name":"Meine Jugend im Krieg. - MuseumFabriek Winterswijk","isPartOf":{"@id":"https:\/\/museumfabriekwinterswijk.nl\/de\/#website"},"primaryImageOfPage":{"@id":"https:\/\/museumfabriekwinterswijk.nl\/de\/ausstellungen\/zweiter-weltkrieg-2\/#primaryimage"},"image":{"@id":"https:\/\/museumfabriekwinterswijk.nl\/de\/ausstellungen\/zweiter-weltkrieg-2\/#primaryimage"},"thumbnailUrl":"https:\/\/museumfabriekwinterswijk.nl\/wp-content\/uploads\/2025\/03\/kind-in-oorlog-220x300.jpg","datePublished":"2025-03-11T11:22:08+00:00","dateModified":"2025-03-11T11:57:34+00:00","breadcrumb":{"@id":"https:\/\/museumfabriekwinterswijk.nl\/de\/ausstellungen\/zweiter-weltkrieg-2\/#breadcrumb"},"inLanguage":"de","potentialAction":[{"@type":"ReadAction","target":["https:\/\/museumfabriekwinterswijk.nl\/de\/ausstellungen\/zweiter-weltkrieg-2\/"]}]},{"@type":"ImageObject","inLanguage":"de","@id":"https:\/\/museumfabriekwinterswijk.nl\/de\/ausstellungen\/zweiter-weltkrieg-2\/#primaryimage","url":"https:\/\/museumfabriekwinterswijk.nl\/wp-content\/uploads\/2025\/03\/kind-in-oorlog-220x300.jpg","contentUrl":"https:\/\/museumfabriekwinterswijk.nl\/wp-content\/uploads\/2025\/03\/kind-in-oorlog-220x300.jpg"},{"@type":"BreadcrumbList","@id":"https:\/\/museumfabriekwinterswijk.nl\/de\/ausstellungen\/zweiter-weltkrieg-2\/#breadcrumb","itemListElement":[{"@type":"ListItem","position":1,"name":"Home","item":"https:\/\/museumfabriekwinterswijk.nl\/de\/"},{"@type":"ListItem","position":2,"name":"Ausstellungen","item":"https:\/\/museumfabriekwinterswijk.nl\/de\/ausstellungen\/"},{"@type":"ListItem","position":3,"name":"Meine Jugend im Krieg."}]},{"@type":"WebSite","@id":"https:\/\/museumfabriekwinterswijk.nl\/de\/#website","url":"https:\/\/museumfabriekwinterswijk.nl\/de\/","name":"MuseumFabriek Winterswijk","description":"de schatkamer van Winterswijk","publisher":{"@id":"https:\/\/museumfabriekwinterswijk.nl\/de\/#organization"},"potentialAction":[{"@type":"SearchAction","target":{"@type":"EntryPoint","urlTemplate":"https:\/\/museumfabriekwinterswijk.nl\/de\/?s={search_term_string}"},"query-input":{"@type":"PropertyValueSpecification","valueRequired":true,"valueName":"search_term_string"}}],"inLanguage":"de"},{"@type":"Organization","@id":"https:\/\/museumfabriekwinterswijk.nl\/de\/#organization","name":"MuseumFabriek Winterswijk","url":"https:\/\/museumfabriekwinterswijk.nl\/de\/","logo":{"@type":"ImageObject","inLanguage":"de","@id":"https:\/\/museumfabriekwinterswijk.nl\/de\/#\/schema\/logo\/image\/","url":"https:\/\/museumfabriekwinterswijk.nl\/wp-content\/uploads\/2024\/07\/cropped-logo-Museum-Fabriek.jpg","contentUrl":"https:\/\/museumfabriekwinterswijk.nl\/wp-content\/uploads\/2024\/07\/cropped-logo-Museum-Fabriek.jpg","width":1059,"height":1059,"caption":"MuseumFabriek Winterswijk"},"image":{"@id":"https:\/\/museumfabriekwinterswijk.nl\/de\/#\/schema\/logo\/image\/"}}]}},"_links":{"self":[{"href":"https:\/\/museumfabriekwinterswijk.nl\/de\/wp-json\/wp\/v2\/pages\/2126","targetHints":{"allow":["GET"]}}],"collection":[{"href":"https:\/\/museumfabriekwinterswijk.nl\/de\/wp-json\/wp\/v2\/pages"}],"about":[{"href":"https:\/\/museumfabriekwinterswijk.nl\/de\/wp-json\/wp\/v2\/types\/page"}],"author":[{"embeddable":true,"href":"https:\/\/museumfabriekwinterswijk.nl\/de\/wp-json\/wp\/v2\/users\/2"}],"replies":[{"embeddable":true,"href":"https:\/\/museumfabriekwinterswijk.nl\/de\/wp-json\/wp\/v2\/comments?post=2126"}],"version-history":[{"count":2,"href":"https:\/\/museumfabriekwinterswijk.nl\/de\/wp-json\/wp\/v2\/pages\/2126\/revisions"}],"predecessor-version":[{"id":2139,"href":"https:\/\/museumfabriekwinterswijk.nl\/de\/wp-json\/wp\/v2\/pages\/2126\/revisions\/2139"}],"up":[{"embeddable":true,"href":"https:\/\/museumfabriekwinterswijk.nl\/de\/wp-json\/wp\/v2\/pages\/1766"}],"wp:attachment":[{"href":"https:\/\/museumfabriekwinterswijk.nl\/de\/wp-json\/wp\/v2\/media?parent=2126"}],"curies":[{"name":"wp","href":"https:\/\/api.w.org\/{rel}","templated":true}]}}